{"id":4447,"date":"2021-09-07T11:32:03","date_gmt":"2021-09-07T09:32:03","guid":{"rendered":"https:\/\/www.cercle-credo.com\/events\/"},"modified":"2022-05-16T11:06:22","modified_gmt":"2022-05-16T09:06:22","slug":"events","status":"publish","type":"page","link":"https:\/\/www.cercle-credo.com\/en\/events\/","title":{"rendered":"Events"},"content":{"rendered":"<p><div class=\"fusion-fullwidth fullwidth-box fusion-builder-row-1 fusion-flex-container nonhundred-percent-fullwidth non-hundred-percent-height-scrolling\" style=\"--awb-border-radius-top-left:0px;--awb-border-radius-top-right:0px;--awb-border-radius-bottom-right:0px;--awb-border-radius-bottom-left:0px;--awb-padding-top:50px;--awb-padding-bottom:50px;\" ><div class=\"fusion-builder-row fusion-row fusion-flex-align-items-flex-start\" style=\"max-width:1216.8px;margin-left: calc(-4% \/ 2 );margin-right: calc(-4% \/ 2 );\"><div class=\"fusion-layout-column fusion_builder_column fusion-builder-column-0 fusion_builder_column_1_1 1_1 fusion-flex-column\" style=\"--awb-padding-right:140px;--awb-padding-left:140px;--awb-padding-right-medium:120px;--awb-padding-bottom-medium:60px;--awb-padding-left-medium:120px;--awb-padding-right-small:0px;--awb-padding-left-small:0px;--awb-bg-size:cover;--awb-width-large:100%;--awb-margin-top-large:0px;--awb-spacing-right-large:1.92%;--awb-margin-bottom-large:20px;--awb-spacing-left-large:1.92%;--awb-width-medium:100%;--awb-order-medium:0;--awb-spacing-right-medium:1.92%;--awb-spacing-left-medium:1.92%;--awb-width-small:100%;--awb-order-small:0;--awb-spacing-right-small:1.92%;--awb-spacing-left-small:1.92%;\"><div class=\"fusion-column-wrapper fusion-column-has-shadow fusion-flex-justify-content-flex-start fusion-content-layout-column\"><div class=\"fusion-text fusion-text-1\" style=\"--awb-content-alignment:center;--awb-font-size:30px;--awb-text-color:#004188;\"><p style=\"color: #000000;\">CREDO EVENTS<\/p>\n<\/div><div class=\"fusion-title title fusion-title-1 fusion-no-small-visibility fusion-sep-none fusion-title-center fusion-title-rotating fusion-loop-off fusion-title-clipIn fusion-title-size-three\" style=\"--awb-text-color:#7da7da;--awb-margin-top:-10px;--awb-font-size:25px;\"><h3 class=\"title-heading-center fusion-responsive-typography-calculated\" style=\"margin:0;font-size:1em;--fontSize:25;--minFontSize:25;line-height:1.5;\"><span class=\"fusion-animated-text-prefix\"><\/span> <span class=\"fusion-animated-texts-wrapper\" style=\"text-align: center;\" data-length=\"line\" data-minDisplayTime=\"1200\"><span class=\"fusion-animated-texts\"><span data-in-effect=\"clipIn\" class=\"fusion-animated-text\" data-in-sequence=\"true\" data-out-reverse=\"true\" data-out-effect=\"clipOut\">ET DE L'\u00c9COSYST\u00c8ME #FIBRE #THD<\/span><\/span><\/span> <span class=\"fusion-animated-text-postfix\"><\/span><\/h3><\/div><div class=\"fusion-title title fusion-title-2 fusion-no-medium-visibility fusion-no-large-visibility fusion-title-center fusion-title-text fusion-title-size-three\" style=\"--awb-text-color:#7da7da;--awb-margin-top:-10px;--awb-font-size:25px;\"><div class=\"title-sep-container title-sep-container-left\"><div class=\"title-sep sep- sep-solid\" style=\"border-color:#e0dede;\"><\/div><\/div><span class=\"awb-title-spacer\"><\/span><h3 class=\"title-heading-center fusion-responsive-typography-calculated\" style=\"margin:0;font-size:1em;letter-spacing:-1px;--fontSize:25;--minFontSize:25;line-height:1.5;\"><p style=\"text-align: center;\">AND ECOSYSTEM #FIBER #VERYHIGHSPEED<\/p><\/h3><span class=\"awb-title-spacer\"><\/span><div class=\"title-sep-container title-sep-container-right\"><div class=\"title-sep sep- sep-solid\" style=\"border-color:#e0dede;\"><\/div><\/div><\/div><div class=\"fusion-text fusion-text-2\" style=\"--awb-content-alignment:center;--awb-font-size:18px;--awb-text-color:#5b636c;\"><p>Events organized by the association, our members and partners.<\/p>\n<\/div><\/div><\/div><\/div><\/div><div class=\"fusion-fullwidth fullwidth-box fusion-builder-row-2 fusion-flex-container fusion-parallax-none nonhundred-percent-fullwidth non-hundred-percent-height-scrolling\" style=\"--awb-border-radius-top-left:0px;--awb-border-radius-top-right:0px;--awb-border-radius-bottom-right:0px;--awb-border-radius-bottom-left:0px;--awb-background-image:url(&quot;https:\/\/www.cercle-credo.com\/wp-content\/uploads\/2013\/01\/entete_atelier.jpg&quot;);--awb-background-size:cover;\" ><div class=\"fusion-builder-row fusion-row fusion-flex-align-items-center fusion-flex-justify-content-flex-end\" style=\"max-width:1216.8px;margin-left: calc(-4% \/ 2 );margin-right: calc(-4% \/ 2 );\"><div class=\"fusion-layout-column fusion_builder_column fusion-builder-column-1 fusion_builder_column_1_1 1_1 fusion-flex-column fusion-flex-align-self-stretch fusion-animated\" style=\"--awb-padding-top:40px;--awb-padding-right:60px;--awb-padding-bottom:40px;--awb-padding-left:60px;--awb-padding-top-small:20px;--awb-padding-right-small:20px;--awb-padding-bottom-small:20px;--awb-padding-left-small:20px;--awb-overflow:hidden;--awb-bg-color:#ffffff;--awb-bg-size:cover;--awb-box-shadow:0px 0px 23px 0px rgba(0,0,0,0.22);;--awb-border-radius:16px 16px 16px 16px;--awb-width-large:100%;--awb-margin-top-large:-40px;--awb-spacing-right-large:1.92%;--awb-margin-bottom-large:-40px;--awb-spacing-left-large:1.92%;--awb-width-medium:100%;--awb-order-medium:0;--awb-spacing-right-medium:1.92%;--awb-spacing-left-medium:1.92%;--awb-width-small:100%;--awb-order-small:0;--awb-spacing-right-small:1.92%;--awb-spacing-left-small:1.92%;\" data-animationType=\"fadeInUp\" data-animationDuration=\"1.0\" data-animationOffset=\"top-into-view\"><div class=\"fusion-column-wrapper fusion-column-has-shadow fusion-flex-justify-content-flex-start fusion-content-layout-column\"><div class=\"fusion-builder-row fusion-builder-row-inner fusion-row fusion-flex-align-items-center fusion-flex-justify-content-flex-end\" style=\"width:104% !important;max-width:104% !important;margin-left: calc(-4% \/ 2 );margin-right: calc(-4% \/ 2 );\"><div class=\"fusion-layout-column fusion_builder_column_inner fusion-builder-nested-column-0 fusion_builder_column_inner_1_3 1_3 fusion-flex-column fusion-flex-align-self-center\" style=\"--awb-bg-size:cover;--awb-width-large:33.333333333333%;--awb-margin-top-large:0px;--awb-spacing-right-large:5.76%;--awb-margin-bottom-large:0px;--awb-spacing-left-large:5.76%;--awb-width-medium:100%;--awb-order-medium:0;--awb-spacing-right-medium:1.92%;--awb-spacing-left-medium:1.92%;--awb-width-small:100%;--awb-order-small:0;--awb-spacing-right-small:1.92%;--awb-spacing-left-small:1.92%;\"><div class=\"fusion-column-wrapper fusion-column-has-shadow fusion-flex-justify-content-flex-start fusion-content-layout-column\"><div class=\"fusion-image-element sm-text-align-center\" style=\"--awb-margin-bottom:0px;--awb-caption-title-size:var(--h2_typography-font-size);--awb-caption-title-transform:var(--h2_typography-text-transform);--awb-caption-title-line-height:var(--h2_typography-line-height);--awb-caption-title-letter-spacing:var(--h2_typography-letter-spacing);\"><span class=\" fusion-imageframe imageframe-none imageframe-1 hover-type-none\" style=\"border-radius:12px;\"><img width=\"324\" height=\"412\" title=\"evenement-illus\" src=\"https:\/\/www.cercle-credo.com\/wp-content\/uploads\/2021\/09\/evenement-illus.jpg\" alt class=\"img-responsive wp-image-4250\" srcset=\"https:\/\/www.cercle-credo.com\/wp-content\/uploads\/2021\/09\/evenement-illus-200x254.jpg 200w, https:\/\/www.cercle-credo.com\/wp-content\/uploads\/2021\/09\/evenement-illus.jpg 324w\" sizes=\"(max-width: 1024px) 100vw, (max-width: 640px) 100vw, 324px\" \/><\/span><\/div><\/div><\/div><div class=\"fusion-layout-column fusion_builder_column_inner fusion-builder-nested-column-1 fusion_builder_column_inner_2_3 2_3 fusion-flex-column fusion-flex-align-self-center\" style=\"--awb-bg-size:cover;--awb-width-large:66.666666666667%;--awb-margin-top-large:0px;--awb-spacing-right-large:2.88%;--awb-margin-bottom-large:0px;--awb-spacing-left-large:2.88%;--awb-width-medium:100%;--awb-order-medium:0;--awb-spacing-right-medium:1.92%;--awb-spacing-left-medium:1.92%;--awb-width-small:100%;--awb-order-small:0;--awb-spacing-right-small:1.92%;--awb-margin-bottom-small:50px;--awb-spacing-left-small:1.92%;\"><div class=\"fusion-column-wrapper fusion-column-has-shadow fusion-flex-justify-content-flex-start fusion-content-layout-column\"><div class=\"fusion-separator fusion-no-medium-visibility fusion-no-large-visibility fusion-full-width-sep\" style=\"align-self: center;margin-left: auto;margin-right: auto;margin-top:10px;margin-bottom:10px;width:100%;\"><\/div><div class=\"fusion-text fusion-text-3\" style=\"--awb-font-size:25PX;--awb-line-height:1.4;\"><p style=\"text-align: center;\">PARTICIPATE IN OUR<br \/>\n<span style=\"color: #1c79be;\"><strong>NEXT WORKSHOP<\/strong><\/span><\/p>\n<\/div><div class=\"fusion-text fusion-text-4\" style=\"--awb-line-height:1.5;\"><p style=\"text-align: center;\">See you on Thursday, <strong>June 09, 2022<\/strong>, remotely (Webex)<br \/>from 9:00 a.m. to 12:30 p.m. to attend the interventions:<\/p>\n<p style=\"text-align: center;\"><b>Datacenter de proximit\u00e9 <\/b>(Jerlaure)<\/p>\n<p style=\"text-align: center;\"><b>Datacenter communautaire<\/b> (Val d&#8217;Oise Num\u00e9rique)<\/p>\n<\/p>\n<div style=\"text-align: center;\"><span style=\"color: var(--body_typography-color); font-family: var(--body_typography-font-family); font-size: var(--body_typography-font-size); font-style: var(--body_typography-font-style,normal); letter-spacing: var(--body_typography-letter-spacing);\"><b>R\u00e9seaux FttO<\/b> (I\u00e9lo)<\/span><\/div><\/p>\n<\/div><div style=\"text-align:center;\"><a class=\"fusion-button button-flat button-large button-custom fusion-button-default button-1 fusion-button-span-no fusion-button-default-type\" style=\"--button_accent_color:#ffffff;--button_accent_hover_color:#ffffff;--button_border_hover_color:#105378;--button_gradient_top_color:#1c79be;--button_gradient_bottom_color:#1c79be;--button_gradient_top_color_hover:#7ba6dc;--button_gradient_bottom_color_hover:#7ba6dc;\" target=\"_self\" href=\"https:\/\/www.cercle-credo.com\/atelier-du-9-juin-2022\/\"><span class=\"fusion-button-text fusion-button-text-right\">REGISTER<\/span><span class=\"fusion-button-icon-divider button-icon-divider-right\"><i class=\"fa-calendar-check fas\" aria-hidden=\"true\"><\/i><\/span><\/a><\/div><\/div><\/div><\/div><\/div><\/div><\/div><\/div><div class=\"fusion-fullwidth fullwidth-box fusion-builder-row-3 fusion-flex-container fusion-parallax-none nonhundred-percent-fullwidth non-hundred-percent-height-scrolling\" style=\"--awb-border-radius-top-left:0px;--awb-border-radius-top-right:0px;--awb-border-radius-bottom-right:0px;--awb-border-radius-bottom-left:0px;--awb-background-image:url(&quot;https:\/\/www.cercle-credo.com\/wp-content\/uploads\/2013\/01\/entete_atelier.jpg&quot;);--awb-background-size:cover;\" ><div class=\"fusion-builder-row fusion-row fusion-flex-align-items-center fusion-flex-justify-content-flex-end\" style=\"max-width:1216.8px;margin-left: calc(-4% \/ 2 );margin-right: calc(-4% \/ 2 );\"><\/div><\/div><div class=\"fusion-fullwidth fullwidth-box fusion-builder-row-4 fusion-flex-container nonhundred-percent-fullwidth non-hundred-percent-height-scrolling\" style=\"--awb-border-radius-top-left:0px;--awb-border-radius-top-right:0px;--awb-border-radius-bottom-right:0px;--awb-border-radius-bottom-left:0px;--awb-margin-top:100px;\" ><div class=\"fusion-builder-row fusion-row fusion-flex-align-items-flex-start\" style=\"max-width:1216.8px;margin-left: calc(-4% \/ 2 );margin-right: calc(-4% \/ 2 );\"><div class=\"fusion-layout-column fusion_builder_column fusion-builder-column-2 fusion_builder_column_1_3 1_3 fusion-flex-column\" style=\"--awb-bg-size:cover;--awb-width-large:33.333333333333%;--awb-margin-top-large:0px;--awb-spacing-right-large:5.76%;--awb-margin-bottom-large:20px;--awb-spacing-left-large:5.76%;--awb-width-medium:100%;--awb-order-medium:0;--awb-spacing-right-medium:1.92%;--awb-spacing-left-medium:1.92%;--awb-width-small:100%;--awb-order-small:0;--awb-spacing-right-small:1.92%;--awb-spacing-left-small:1.92%;\"><div class=\"fusion-column-wrapper fusion-column-has-shadow fusion-flex-justify-content-flex-start fusion-content-layout-column\"><div class=\"fusion-text fusion-text-5 fusion-text-no-margin\" style=\"--awb-content-alignment:center;--awb-font-size:30px;--awb-text-color:#1177c0;--awb-margin-top:0PX;--awb-margin-bottom:0PX;\"><p><span style=\"color: #1c79be;\"><strong>EVENTS<\/strong><\/span><\/p>\n<\/div><div class=\"fusion-counters-box counters-box row fusion-clearfix fusion-columns-1\" style=\"--awb-body-color:#1177c0;--awb-border-color:#ffffff;--awb-border-color:#ffffff;\"><div class=\"fusion-counter-box fusion-column col-counter-box counter-box-wrapper col-lg-12 col-md-12 col-sm-12\" data-animationOffset=\"top-into-view\"><div class=\"counter-box-container\"><div class=\"content-box-percentage content-box-counter\"><i class=\"counter-box-icon fontawesome-icon fa-calendar-alt fas\" aria-hidden=\"true\"><\/i><span class=\"display-counter\" data-value=\"2022\" data-direction=\"up\" data-decimals=\"0\">0<\/span><\/div><div class=\"counter-box-content\"><\/div><\/div><\/div><\/div><\/div><\/div><div class=\"fusion-layout-column fusion_builder_column fusion-builder-column-3 fusion_builder_column_2_3 2_3 fusion-flex-column\" style=\"--awb-bg-size:cover;--awb-width-large:66.666666666667%;--awb-margin-top-large:0px;--awb-spacing-right-large:2.88%;--awb-margin-bottom-large:20px;--awb-spacing-left-large:2.88%;--awb-width-medium:100%;--awb-order-medium:0;--awb-spacing-right-medium:1.92%;--awb-spacing-left-medium:1.92%;--awb-width-small:100%;--awb-order-small:0;--awb-spacing-right-small:1.92%;--awb-spacing-left-small:1.92%;\"><div class=\"fusion-column-wrapper fusion-column-has-shadow fusion-flex-justify-content-flex-start fusion-content-layout-column\"><div class=\"fusion-text fusion-text-6\"><ul>\n<li><b style=\"color: var(--body_typography-color); font-family: var(--body_typography-font-family); font-size: var(--body_typography-font-size); font-style: var(--body_typography-font-style,normal); letter-spacing: var(--body_typography-letter-spacing);\">FTTH Conference<\/b> <span style=\"color: var(--body_typography-color); font-family: var(--body_typography-font-family); font-size: var(--body_typography-font-size); font-style: var(--body_typography-font-style,normal); letter-spacing: var(--body_typography-letter-spacing);\">&#8211; 23 to 25 May 2022 in Vienna<\/span> <a href=\"https:\/\/www.cercle-credo.com\/ftth-conference-29-31-mars-2022\/\" style=\"font-family: var(--body_typography-font-family); font-size: var(--body_typography-font-size); font-style: var(--body_typography-font-style,normal); letter-spacing: var(--body_typography-letter-spacing);\">[ find out more ]<\/a><\/li>\n<li><b> AVICCA Spring TRIP &#8211; June 1 and 2, 2022 in Paris<\/b><\/li>\n<li><strong> Workshop &#8211; Thursday, June 9, 2022<\/strong><\/li>\n<li><b> General Assembly of Cercle CREDO &#8211; Thursday, June 9, 2022<\/b><\/li>\n<li><strong> Workshop &#8211; Thursday, July 7, 2022<\/strong><\/li>\n<li><strong> Workshop &#8211; Thursday, September 1, 2022<\/strong><\/li>\n<li><strong> FNCCR Congress &#8211; September 27 to 29, 2022 in Rennes [ find out more ]<a href=\"https:\/\/www.fnccr.asso.fr\/\" target=\"_blank\" rel=\"noopener\"><\/a><\/strong><\/li>\n<li><b>&#8220;Universit\u00e9 du Tr\u00e9s Haut D\u00e9bit&#8221; (UTHD)<\/b> &#8211; October 5 and 6, 2022 in Toulouse<\/li>\n<li><strong>Workshop &#8211; Thursday, October 6, 2022<\/strong><\/li>\n<li><strong>Workshop &#8211; Thursday, November 3, 2022<\/strong><\/li>\n<li><strong> Workshop &#8211; Thursday, December 1, 2022<\/strong><\/li>\n<\/ul>\n<\/div><\/div><\/div><div class=\"fusion-layout-column fusion_builder_column fusion-builder-column-4 fusion_builder_column_1_1 1_1 fusion-flex-column\" style=\"--awb-bg-size:cover;--awb-width-large:100%;--awb-margin-top-large:0px;--awb-spacing-right-large:1.92%;--awb-margin-bottom-large:20px;--awb-spacing-left-large:1.92%;--awb-width-medium:100%;--awb-order-medium:0;--awb-spacing-right-medium:1.92%;--awb-spacing-left-medium:1.92%;--awb-width-small:100%;--awb-order-small:0;--awb-spacing-right-small:1.92%;--awb-spacing-left-small:1.92%;\"><div class=\"fusion-column-wrapper fusion-column-has-shadow fusion-flex-justify-content-flex-start fusion-content-layout-column\"><div class=\"fusion-separator\" style=\"align-self: center;margin-left: auto;margin-right: auto;width:100%;max-width:50%;\"><div class=\"fusion-separator-border sep-single sep-solid\" style=\"--awb-height:20px;--awb-amount:20px;--awb-sep-color:#1177c0;border-color:#1177c0;border-top-width:1px;\"><\/div><\/div><\/div><\/div><\/div><\/div><div class=\"fusion-fullwidth fullwidth-box fusion-builder-row-5 fusion-flex-container nonhundred-percent-fullwidth non-hundred-percent-height-scrolling\" style=\"--awb-border-radius-top-left:0px;--awb-border-radius-top-right:0px;--awb-border-radius-bottom-right:0px;--awb-border-radius-bottom-left:0px;--awb-margin-top:70px;\" ><div class=\"fusion-builder-row fusion-row fusion-flex-align-items-flex-start\" style=\"max-width:1216.8px;margin-left: calc(-4% \/ 2 );margin-right: calc(-4% \/ 2 );\"><div class=\"fusion-layout-column fusion_builder_column fusion-builder-column-5 fusion_builder_column_3_4 3_4 fusion-flex-column\" style=\"--awb-bg-size:cover;--awb-width-large:75%;--awb-margin-top-large:0px;--awb-spacing-right-large:2.56%;--awb-margin-bottom-large:20px;--awb-spacing-left-large:2.56%;--awb-width-medium:100%;--awb-order-medium:0;--awb-spacing-right-medium:1.92%;--awb-spacing-left-medium:1.92%;--awb-width-small:100%;--awb-order-small:0;--awb-spacing-right-small:1.92%;--awb-spacing-left-small:1.92%;\"><div class=\"fusion-column-wrapper fusion-column-has-shadow fusion-flex-justify-content-flex-start fusion-content-layout-column\"><div class=\"fusion-blog-shortcode fusion-blog-shortcode-1 fusion-blog-archive fusion-blog-layout-timeline-wrapper fusion-blog-infinite\"><div class=\"fusion-posts-container fusion-posts-container-infinite fusion-blog-rollover\" data-pages=\"2\"><div class=\"fusion-timeline-icon\"><i class=\"awb-icon-bubbles\" style=\"color:#e8e8e8;\" aria-hidden=\"true\"><\/i><\/div><div class=\"fusion-blog-layout-timeline fusion-clearfix\"><div class=\"fusion-timeline-line\" style=\"border-left:1px solid #e8e8e8;border-right:1px solid #e8e8e8;\"><\/div><h3 class=\"fusion-timeline-date\" style=\"background-color:#e8e8e8;\">01\/06\/2023<\/h3><div class=\"fusion-collapse-month\"><article id=\"blog-1-post-6777\" style=\"border-color:#e8e8e8;\" class=\"fusion-post-timeline fusion-clearfix fusion-left-column post-6777 post type-post status-publish format-standard has-post-thumbnail hentry category-news category-workshops\">\n<div class=\"fusion-post-wrapper\" style=\"background-color:rgba(255,255,255,0);\">\n\n\t\t\t<div class=\"fusion-flexslider flexslider fusion-flexslider-loading fusion-post-slideshow\" style=\"border-color:#e8e8e8;\">\n\t\t<ul class=\"slides\">\n\t\t\t\n\t\t\t\t\t\t\t\t\t\t\t\t\t\t<li><div  class=\"fusion-image-wrapper\" aria-haspopup=\"true\">\n\t\t\t\t<img width=\"897\" height=\"630\" src=\"https:\/\/www.cercle-credo.com\/wp-content\/uploads\/2013\/01\/miniarure-atelier-credo.jpg\" class=\"attachment-full size-full wp-post-image\" alt=\"\" srcset=\"https:\/\/www.cercle-credo.com\/wp-content\/uploads\/2013\/01\/miniarure-atelier-credo-200x140.jpg 200w, https:\/\/www.cercle-credo.com\/wp-content\/uploads\/2013\/01\/miniarure-atelier-credo-400x281.jpg 400w, https:\/\/www.cercle-credo.com\/wp-content\/uploads\/2013\/01\/miniarure-atelier-credo-600x421.jpg 600w, https:\/\/www.cercle-credo.com\/wp-content\/uploads\/2013\/01\/miniarure-atelier-credo-800x562.jpg 800w, https:\/\/www.cercle-credo.com\/wp-content\/uploads\/2013\/01\/miniarure-atelier-credo.jpg 897w\" sizes=\"(max-width: 1024px) 100vw, (max-width: 640px) 100vw, 40vw\" \/><div class=\"fusion-rollover\">\n\t<div class=\"fusion-rollover-content\">\n\n\t\t\t\t\t\t\t\t\t\t\t\t\t\t<a class=\"fusion-rollover-link\" href=\"https:\/\/www.cercle-credo.com\/en\/workshop-july-1st-2023\/\">Workshop July 1st, 2023<\/a>\n\t\t\t\n\t\t\t\t\t\t\t\t\n\t\t\n\t\t\t\t\t\t\t\t\n\t\t\t\t\t\t\t\t\n\t\t\n\t\t\t\t\t\t<a class=\"fusion-link-wrapper\" href=\"https:\/\/www.cercle-credo.com\/en\/workshop-july-1st-2023\/\" aria-label=\"Workshop July 1st, 2023\"><\/a>\n\t<\/div>\n<\/div>\n<\/div>\n<\/li>\n\t\t\t\n\t\t\t\n\t\t\t\t\t\t\t\t\t\t\t\t\t\t\t\t\t\t\t\t\t\t\t\t\t\t\t\t\t\t\t\t\t\t\t\t\t\t\t\t\t\t\t\t\t\t\t\t\t\t\t\t\t\t\t\t\t\t\t\t\t\t\t\t\t\t\t\t<\/ul>\n\t<\/div>\n\t<div class=\"fusion-post-content-wrapper\" style=\"padding:30px 25px 20px 25px;\"><div class=\"fusion-post-content post-content\"><div class=\"fusion-timeline-circle\" style=\"background-color:#e8e8e8;\"><\/div><div class=\"fusion-timeline-arrow\" style=\"color:#e8e8e8;\"><\/div><h2 class=\"blog-shortcode-post-title entry-title\"><a href=\"https:\/\/www.cercle-credo.com\/en\/workshop-july-1st-2023\/\">Workshop July 1st, 2023<\/a><\/h2><p class=\"fusion-single-line-meta\"><span class=\"vcard\" style=\"display: none;\"><span class=\"fn\"><a href=\"https:\/\/www.cercle-credo.com\/en\/author\/admincredo\/\" title=\"Posts by adminCREDO\" rel=\"author\">adminCREDO<\/a><\/span><\/span><span class=\"updated\" style=\"display:none;\">2023-06-12T14:16:04+02:00<\/span><span>01 June 2023<\/span><span class=\"fusion-inline-sep\">|<\/span><a href=\"https:\/\/www.cercle-credo.com\/en\/category\/news\/\" rel=\"category tag\">News<\/a>, <a href=\"https:\/\/www.cercle-credo.com\/en\/category\/events\/workshops\/\" rel=\"category tag\">Workshops<\/a><span class=\"fusion-inline-sep\">|<\/span><\/p><div class=\"fusion-content-sep sep-single sep-solid\"><\/div><div class=\"fusion-post-content-container\"><p>      Thursday, \u00adMarch 1st, 2023 9:00 a.m. \u2013 12:30 p.m.   09:00 - 10:15 AM : CREDO news 10:00 a.m. - 10:15 a.m.: Break 10:15 a.m. - 12:00 p.m.: Presentations &amp; debates Messieurs Brillouin, [...]<\/p><\/div><\/div><div class=\"fusion-meta-info\"><div class=\"fusion-alignleft\"><a class=\"fusion-read-more\" href=\"https:\/\/www.cercle-credo.com\/en\/workshop-july-1st-2023\/\" aria-label=\"More on Workshop July 1st, 2023\">Read More<\/a><\/div><\/div><\/div><div class=\"fusion-clearfix\"><\/div><\/div>\n<\/article>\n<\/div><h3 class=\"fusion-timeline-date\" style=\"background-color:#e8e8e8;\">13\/04\/2023<\/h3><div class=\"fusion-collapse-month\"><article id=\"blog-1-post-6213\" style=\"border-color:#e8e8e8;\" class=\"fusion-post-timeline fusion-clearfix fusion-right-column post-6213 post type-post status-publish format-standard has-post-thumbnail hentry category-workshops category-news\">\n<div class=\"fusion-post-wrapper\" style=\"background-color:rgba(255,255,255,0);\">\n\n\t\t\t<div class=\"fusion-flexslider flexslider fusion-flexslider-loading fusion-post-slideshow\" style=\"border-color:#e8e8e8;\">\n\t\t<ul class=\"slides\">\n\t\t\t\n\t\t\t\t\t\t\t\t\t\t\t\t\t\t<li><div  class=\"fusion-image-wrapper\" aria-haspopup=\"true\">\n\t\t\t\t<img width=\"897\" height=\"630\" src=\"https:\/\/www.cercle-credo.com\/wp-content\/uploads\/2013\/01\/miniarure-atelier-credo.jpg\" class=\"attachment-full size-full wp-post-image\" alt=\"\" srcset=\"https:\/\/www.cercle-credo.com\/wp-content\/uploads\/2013\/01\/miniarure-atelier-credo-200x140.jpg 200w, https:\/\/www.cercle-credo.com\/wp-content\/uploads\/2013\/01\/miniarure-atelier-credo-400x281.jpg 400w, https:\/\/www.cercle-credo.com\/wp-content\/uploads\/2013\/01\/miniarure-atelier-credo-600x421.jpg 600w, https:\/\/www.cercle-credo.com\/wp-content\/uploads\/2013\/01\/miniarure-atelier-credo-800x562.jpg 800w, https:\/\/www.cercle-credo.com\/wp-content\/uploads\/2013\/01\/miniarure-atelier-credo.jpg 897w\" sizes=\"(max-width: 1024px) 100vw, (max-width: 640px) 100vw, 40vw\" \/><div class=\"fusion-rollover\">\n\t<div class=\"fusion-rollover-content\">\n\n\t\t\t\t\t\t\t\t\t\t\t\t\t\t<a class=\"fusion-rollover-link\" href=\"https:\/\/www.cercle-credo.com\/en\/april-13-2023-workshop\/\">April 13, 2023 workshop<\/a>\n\t\t\t\n\t\t\t\t\t\t\t\t\n\t\t\n\t\t\t\t\t\t\t\t\n\t\t\t\t\t\t\t\t\n\t\t\n\t\t\t\t\t\t<a class=\"fusion-link-wrapper\" href=\"https:\/\/www.cercle-credo.com\/en\/april-13-2023-workshop\/\" aria-label=\"April 13, 2023 workshop\"><\/a>\n\t<\/div>\n<\/div>\n<\/div>\n<\/li>\n\t\t\t\n\t\t\t\n\t\t\t\t\t\t\t\t\t\t\t\t\t\t\t\t\t\t\t\t\t\t\t\t\t\t\t\t\t\t\t\t\t\t\t\t\t\t\t\t\t\t\t\t\t\t\t\t\t\t\t\t\t\t\t\t\t\t\t\t\t\t\t\t\t\t\t\t<\/ul>\n\t<\/div>\n\t<div class=\"fusion-post-content-wrapper\" style=\"padding:30px 25px 20px 25px;\"><div class=\"fusion-post-content post-content\"><div class=\"fusion-timeline-circle\" style=\"background-color:#e8e8e8;\"><\/div><div class=\"fusion-timeline-arrow\" style=\"color:#e8e8e8;\"><\/div><h2 class=\"blog-shortcode-post-title entry-title\"><a href=\"https:\/\/www.cercle-credo.com\/en\/april-13-2023-workshop\/\">April 13, 2023 workshop<\/a><\/h2><p class=\"fusion-single-line-meta\"><span class=\"vcard\" style=\"display: none;\"><span class=\"fn\"><a href=\"https:\/\/www.cercle-credo.com\/en\/author\/philippinedemars\/\" title=\"Posts by Philippine DEMARS\" rel=\"author\">Philippine DEMARS<\/a><\/span><\/span><span class=\"updated\" style=\"display:none;\">2023-03-30T11:57:06+02:00<\/span><span>13 April 2023<\/span><span class=\"fusion-inline-sep\">|<\/span><a href=\"https:\/\/www.cercle-credo.com\/en\/category\/events\/workshops\/\" rel=\"category tag\">Workshops<\/a>, <a href=\"https:\/\/www.cercle-credo.com\/en\/category\/events\/workshops\/\" rel=\"category tag\">Workshops<\/a>, <a href=\"https:\/\/www.cercle-credo.com\/en\/category\/events\/workshops\/\" rel=\"category tag\">Workshops<\/a>, <a href=\"https:\/\/www.cercle-credo.com\/en\/category\/news\/\" rel=\"category tag\">News<\/a>, <a href=\"https:\/\/www.cercle-credo.com\/en\/category\/events\/workshops\/\" rel=\"category tag\">Workshops<\/a><span class=\"fusion-inline-sep\">|<\/span><\/p><div class=\"fusion-content-sep sep-single sep-solid\"><\/div><div class=\"fusion-post-content-container\"><p>      Thursday, April 13, 2023, Remote (Webex) 9:00 a.m. \u2013 12:30 p.m.   09:00 - 10:15 AM : CREDO news 10:00 a.m. - 10:15 a.m.: Break 10:15 a.m. - 12:00 p.m.: Presentations &amp; debates [...]<\/p><\/div><\/div><div class=\"fusion-meta-info\"><div class=\"fusion-alignleft\"><a class=\"fusion-read-more\" href=\"https:\/\/www.cercle-credo.com\/en\/april-13-2023-workshop\/\" aria-label=\"More on April 13, 2023 workshop\">Read More<\/a><\/div><\/div><\/div><div class=\"fusion-clearfix\"><\/div><\/div>\n<\/article>\n<article id=\"blog-1-post-5800\" style=\"border-color:#e8e8e8;\" class=\"fusion-post-timeline fusion-clearfix fusion-left-column post-5800 post type-post status-publish format-standard has-post-thumbnail hentry category-news category-events\">\n<div class=\"fusion-post-wrapper\" style=\"background-color:rgba(255,255,255,0);\">\n\n\t\t\t<div class=\"fusion-flexslider flexslider fusion-flexslider-loading fusion-post-slideshow\" style=\"border-color:#e8e8e8;\">\n\t\t<ul class=\"slides\">\n\t\t\t\n\t\t\t\t\t\t\t\t\t\t\t\t\t\t<li><div  class=\"fusion-image-wrapper\" aria-haspopup=\"true\">\n\t\t\t\t<img width=\"897\" height=\"630\" src=\"https:\/\/www.cercle-credo.com\/wp-content\/uploads\/2023\/01\/JDF_Miniature_site.jpg\" class=\"attachment-full size-full wp-post-image\" alt=\"\" srcset=\"https:\/\/www.cercle-credo.com\/wp-content\/uploads\/2023\/01\/JDF_Miniature_site-200x140.jpg 200w, https:\/\/www.cercle-credo.com\/wp-content\/uploads\/2023\/01\/JDF_Miniature_site-400x281.jpg 400w, https:\/\/www.cercle-credo.com\/wp-content\/uploads\/2023\/01\/JDF_Miniature_site-600x421.jpg 600w, https:\/\/www.cercle-credo.com\/wp-content\/uploads\/2023\/01\/JDF_Miniature_site-800x562.jpg 800w, https:\/\/www.cercle-credo.com\/wp-content\/uploads\/2023\/01\/JDF_Miniature_site.jpg 897w\" sizes=\"(max-width: 1024px) 100vw, (max-width: 640px) 100vw, 40vw\" \/><div class=\"fusion-rollover\">\n\t<div class=\"fusion-rollover-content\">\n\n\t\t\t\t\t\t\t\t\t\t\t\t\t\t<a class=\"fusion-rollover-link\" href=\"https:\/\/www.cercle-credo.com\/en\/fiber-thursday-fibre-optics-what-impact-on-the-environment\/\">Fiber Thursday: &#8220;Fibre optics: what impact on the environment?&#8221;<\/a>\n\t\t\t\n\t\t\t\t\t\t\t\t\n\t\t\n\t\t\t\t\t\t\t\t\n\t\t\t\t\t\t\t\t\n\t\t\n\t\t\t\t\t\t<a class=\"fusion-link-wrapper\" href=\"https:\/\/www.cercle-credo.com\/en\/fiber-thursday-fibre-optics-what-impact-on-the-environment\/\" aria-label=\"Fiber Thursday: &#8220;Fibre optics: what impact on the environment?&#8221;\"><\/a>\n\t<\/div>\n<\/div>\n<\/div>\n<\/li>\n\t\t\t\n\t\t\t\n\t\t\t\t\t\t\t\t\t\t\t\t\t\t\t\t\t\t\t\t\t\t\t\t\t\t\t\t\t\t\t\t\t\t\t\t\t\t\t\t\t\t\t\t\t\t\t\t\t\t\t\t\t\t\t\t\t\t\t\t\t\t\t\t\t\t\t\t<\/ul>\n\t<\/div>\n\t<div class=\"fusion-post-content-wrapper\" style=\"padding:30px 25px 20px 25px;\"><div class=\"fusion-post-content post-content\"><div class=\"fusion-timeline-circle\" style=\"background-color:#e8e8e8;\"><\/div><div class=\"fusion-timeline-arrow\" style=\"color:#e8e8e8;\"><\/div><h2 class=\"blog-shortcode-post-title entry-title\"><a href=\"https:\/\/www.cercle-credo.com\/en\/fiber-thursday-fibre-optics-what-impact-on-the-environment\/\">Fiber Thursday: &#8220;Fibre optics: what impact on the environment?&#8221;<\/a><\/h2><p class=\"fusion-single-line-meta\"><span class=\"vcard\" style=\"display: none;\"><span class=\"fn\"><a href=\"https:\/\/www.cercle-credo.com\/en\/author\/philippinedemars\/\" title=\"Posts by Philippine DEMARS\" rel=\"author\">Philippine DEMARS<\/a><\/span><\/span><span class=\"updated\" style=\"display:none;\">2023-03-14T17:16:31+01:00<\/span><span>06 April 2023<\/span><span class=\"fusion-inline-sep\">|<\/span><a href=\"https:\/\/www.cercle-credo.com\/en\/category\/news\/\" rel=\"category tag\">News<\/a>, <a href=\"https:\/\/www.cercle-credo.com\/en\/category\/news\/\" rel=\"category tag\">News<\/a>, <a href=\"https:\/\/www.cercle-credo.com\/en\/category\/news\/\" rel=\"category tag\">News<\/a>, <a href=\"https:\/\/www.cercle-credo.com\/en\/category\/news\/\" rel=\"category tag\">News<\/a>, <a href=\"https:\/\/www.cercle-credo.com\/en\/category\/news\/\" rel=\"category tag\">News<\/a>, <a href=\"https:\/\/www.cercle-credo.com\/en\/category\/events\/\" rel=\"category tag\">Events<\/a>, <a href=\"https:\/\/www.cercle-credo.com\/en\/category\/news\/\" rel=\"category tag\">News<\/a><span class=\"fusion-inline-sep\">|<\/span><\/p><div class=\"fusion-content-sep sep-single sep-solid\"><\/div><div class=\"fusion-post-content-container\"><p>Optical fiber is deployed at high speed. Its generalization will allow an increase in speeds and the development of new applications, including those based on Virtual Reality. What will be the impact on the environment? This is a complex subject that raises many questions. CREDO Circle invites you to take stock of this issue with experts in the field.<\/p><\/div><\/div><div class=\"fusion-meta-info\"><div class=\"fusion-alignleft\"><a class=\"fusion-read-more\" href=\"https:\/\/www.cercle-credo.com\/en\/fiber-thursday-fibre-optics-what-impact-on-the-environment\/\" aria-label=\"More on Fiber Thursday: &#8220;Fibre optics: what impact on the environment?&#8221;\">Read More<\/a><\/div><\/div><\/div><div class=\"fusion-clearfix\"><\/div><\/div>\n<\/article>\n<\/div><h3 class=\"fusion-timeline-date\" style=\"background-color:#e8e8e8;\">17\/03\/2023<\/h3><div class=\"fusion-collapse-month\"><article id=\"blog-1-post-6018\" style=\"border-color:#e8e8e8;\" class=\"fusion-post-timeline fusion-clearfix fusion-right-column post-6018 post type-post status-publish format-standard has-post-thumbnail hentry category-external category-news\">\n<div class=\"fusion-post-wrapper\" style=\"background-color:rgba(255,255,255,0);\">\n\n\t\t\t<div class=\"fusion-flexslider flexslider fusion-flexslider-loading fusion-post-slideshow\" style=\"border-color:#e8e8e8;\">\n\t\t<ul class=\"slides\">\n\t\t\t\n\t\t\t\t\t\t\t\t\t\t\t\t\t\t<li><div  class=\"fusion-image-wrapper\" aria-haspopup=\"true\">\n\t\t\t\t<img width=\"800\" height=\"450\" src=\"https:\/\/www.cercle-credo.com\/wp-content\/uploads\/2023\/02\/T1-2023-COPRO-Story-Orange__LGC-News-partenaire.jpg\" class=\"attachment-full size-full wp-post-image\" alt=\"\" srcset=\"https:\/\/www.cercle-credo.com\/wp-content\/uploads\/2023\/02\/T1-2023-COPRO-Story-Orange__LGC-News-partenaire-200x113.jpg 200w, https:\/\/www.cercle-credo.com\/wp-content\/uploads\/2023\/02\/T1-2023-COPRO-Story-Orange__LGC-News-partenaire-400x225.jpg 400w, https:\/\/www.cercle-credo.com\/wp-content\/uploads\/2023\/02\/T1-2023-COPRO-Story-Orange__LGC-News-partenaire-600x338.jpg 600w, https:\/\/www.cercle-credo.com\/wp-content\/uploads\/2023\/02\/T1-2023-COPRO-Story-Orange__LGC-News-partenaire.jpg 800w\" sizes=\"(max-width: 1024px) 100vw, (max-width: 640px) 100vw, 40vw\" \/><div class=\"fusion-rollover\">\n\t<div class=\"fusion-rollover-content\">\n\n\t\t\t\t\t\t\t\t\t\t\t\t\t\t<a class=\"fusion-rollover-link\" href=\"https:\/\/www.cercle-credo.com\/en\/grand-circuit-conference-of-march-17-2023\/\">Grand Circuit Conference of March 17, 2023<\/a>\n\t\t\t\n\t\t\t\t\t\t\t\t\n\t\t\n\t\t\t\t\t\t\t\t\n\t\t\t\t\t\t\t\t\n\t\t\n\t\t\t\t\t\t<a class=\"fusion-link-wrapper\" href=\"https:\/\/www.cercle-credo.com\/en\/grand-circuit-conference-of-march-17-2023\/\" aria-label=\"Grand Circuit Conference of March 17, 2023\"><\/a>\n\t<\/div>\n<\/div>\n<\/div>\n<\/li>\n\t\t\t\n\t\t\t\n\t\t\t\t\t\t\t\t\t\t\t\t\t\t\t\t\t\t\t\t\t\t\t\t\t\t\t\t\t\t\t\t\t\t\t\t\t\t\t\t\t\t\t\t\t\t\t\t\t\t\t\t\t\t\t\t\t\t\t\t\t\t\t\t\t\t\t\t<\/ul>\n\t<\/div>\n\t<div class=\"fusion-post-content-wrapper\" style=\"padding:30px 25px 20px 25px;\"><div class=\"fusion-post-content post-content\"><div class=\"fusion-timeline-circle\" style=\"background-color:#e8e8e8;\"><\/div><div class=\"fusion-timeline-arrow\" style=\"color:#e8e8e8;\"><\/div><h2 class=\"blog-shortcode-post-title entry-title\"><a href=\"https:\/\/www.cercle-credo.com\/en\/grand-circuit-conference-of-march-17-2023\/\">Grand Circuit Conference of March 17, 2023<\/a><\/h2><p class=\"fusion-single-line-meta\"><span class=\"vcard\" style=\"display: none;\"><span class=\"fn\"><a href=\"https:\/\/www.cercle-credo.com\/en\/author\/philippinedemars\/\" title=\"Posts by Philippine DEMARS\" rel=\"author\">Philippine DEMARS<\/a><\/span><\/span><span class=\"updated\" style=\"display:none;\">2023-03-14T16:58:48+01:00<\/span><span>17 March 2023<\/span><span class=\"fusion-inline-sep\">|<\/span><a href=\"https:\/\/www.cercle-credo.com\/en\/category\/events\/external\/\" rel=\"category tag\">External<\/a>, <a href=\"https:\/\/www.cercle-credo.com\/en\/category\/news\/\" rel=\"category tag\">News<\/a><span class=\"fusion-inline-sep\">|<\/span><\/p><div class=\"fusion-content-sep sep-single sep-solid\"><\/div><div class=\"fusion-post-content-container\"><p>Claude Richard from CREDO Circle will speak at the Orange conference: \"100% fiber building: impact on collective and individual services\" to be held in Paris on March 17, 2023 at 2:30 p.m. Objective of the conference: know the consequences of [...]<\/p><\/div><\/div><div class=\"fusion-meta-info\"><div class=\"fusion-alignleft\"><a class=\"fusion-read-more\" href=\"https:\/\/www.cercle-credo.com\/en\/grand-circuit-conference-of-march-17-2023\/\" aria-label=\"More on Grand Circuit Conference of March 17, 2023\">Read More<\/a><\/div><\/div><\/div><div class=\"fusion-clearfix\"><\/div><\/div>\n<\/article>\n<article id=\"blog-1-post-6210\" style=\"border-color:#e8e8e8;\" class=\"fusion-post-timeline fusion-clearfix fusion-left-column post-6210 post type-post status-publish format-standard has-post-thumbnail hentry category-external category-news\">\n<div class=\"fusion-post-wrapper\" style=\"background-color:rgba(255,255,255,0);\">\n\n\t\t\t<div class=\"fusion-flexslider flexslider fusion-flexslider-loading fusion-post-slideshow\" style=\"border-color:#e8e8e8;\">\n\t\t<ul class=\"slides\">\n\t\t\t\n\t\t\t\t\t\t\t\t\t\t\t\t\t\t<li><div  class=\"fusion-image-wrapper\" aria-haspopup=\"true\">\n\t\t\t\t<img width=\"288\" height=\"175\" src=\"https:\/\/www.cercle-credo.com\/wp-content\/uploads\/2023\/03\/enedis.jpg\" class=\"attachment-full size-full wp-post-image\" alt=\"\" srcset=\"https:\/\/www.cercle-credo.com\/wp-content\/uploads\/2023\/03\/enedis-200x122.jpg 200w, https:\/\/www.cercle-credo.com\/wp-content\/uploads\/2023\/03\/enedis.jpg 288w\" sizes=\"(max-width: 1024px) 100vw, (max-width: 640px) 100vw, 40vw\" \/><div class=\"fusion-rollover\">\n\t<div class=\"fusion-rollover-content\">\n\n\t\t\t\t\t\t\t\t\t\t\t\t\t\t<a class=\"fusion-rollover-link\" href=\"https:\/\/www.cercle-credo.com\/en\/presentation-of-the-ftth-demonstrator-at-the-internal-enedis-seminar\/\">Presentation of the FTTH demonstrator at the internal Enedis seminar<\/a>\n\t\t\t\n\t\t\t\t\t\t\t\t\n\t\t\n\t\t\t\t\t\t\t\t\n\t\t\t\t\t\t\t\t\n\t\t\n\t\t\t\t\t\t<a class=\"fusion-link-wrapper\" href=\"https:\/\/www.cercle-credo.com\/en\/presentation-of-the-ftth-demonstrator-at-the-internal-enedis-seminar\/\" aria-label=\"Presentation of the FTTH demonstrator at the internal Enedis seminar\"><\/a>\n\t<\/div>\n<\/div>\n<\/div>\n<\/li>\n\t\t\t\n\t\t\t\n\t\t\t\t\t\t\t\t\t\t\t\t\t\t\t\t\t\t\t\t\t\t\t\t\t\t\t\t\t\t\t\t\t\t\t\t\t\t\t\t\t\t\t\t\t\t\t\t\t\t\t\t\t\t\t\t\t\t\t\t\t\t\t\t\t\t\t\t<\/ul>\n\t<\/div>\n\t<div class=\"fusion-post-content-wrapper\" style=\"padding:30px 25px 20px 25px;\"><div class=\"fusion-post-content post-content\"><div class=\"fusion-timeline-circle\" style=\"background-color:#e8e8e8;\"><\/div><div class=\"fusion-timeline-arrow\" style=\"color:#e8e8e8;\"><\/div><h2 class=\"blog-shortcode-post-title entry-title\"><a href=\"https:\/\/www.cercle-credo.com\/en\/presentation-of-the-ftth-demonstrator-at-the-internal-enedis-seminar\/\">Presentation of the FTTH demonstrator at the internal Enedis seminar<\/a><\/h2><p class=\"fusion-single-line-meta\"><span class=\"vcard\" style=\"display: none;\"><span class=\"fn\"><a href=\"https:\/\/www.cercle-credo.com\/en\/author\/philippinedemars\/\" title=\"Posts by Philippine DEMARS\" rel=\"author\">Philippine DEMARS<\/a><\/span><\/span><span class=\"updated\" style=\"display:none;\">2023-03-10T14:26:27+01:00<\/span><span>10 March 2023<\/span><span class=\"fusion-inline-sep\">|<\/span><a href=\"https:\/\/www.cercle-credo.com\/en\/category\/events\/external\/\" rel=\"category tag\">External<\/a>, <a href=\"https:\/\/www.cercle-credo.com\/en\/category\/news\/\" rel=\"category tag\">News<\/a><span class=\"fusion-inline-sep\">|<\/span><\/p><div class=\"fusion-content-sep sep-single sep-solid\"><\/div><div class=\"fusion-post-content-container\"><p>The event took place on March 10, 2023 at the Palais d'Hiver in the Jardin d'Acclimatation de Paris. On this occasion, around thirty participants from the regional units dealing with the deployment of the THD on common support were able [...]<\/p><\/div><\/div><div class=\"fusion-meta-info\"><div class=\"fusion-alignleft\"><a class=\"fusion-read-more\" href=\"https:\/\/www.cercle-credo.com\/en\/presentation-of-the-ftth-demonstrator-at-the-internal-enedis-seminar\/\" aria-label=\"More on Presentation of the FTTH demonstrator at the internal Enedis seminar\">Read More<\/a><\/div><\/div><\/div><div class=\"fusion-clearfix\"><\/div><\/div>\n<\/article>\n<\/div><h3 class=\"fusion-timeline-date\" style=\"background-color:#e8e8e8;\">21\/02\/2023<\/h3><div class=\"fusion-collapse-month\"><article id=\"blog-1-post-6263\" style=\"border-color:#e8e8e8;\" class=\"fusion-post-timeline fusion-clearfix fusion-right-column post-6263 post type-post status-publish format-standard has-post-thumbnail hentry category-external category-news\">\n<div class=\"fusion-post-wrapper\" style=\"background-color:rgba(255,255,255,0);\">\n\n\t\t\t<div class=\"fusion-flexslider flexslider fusion-flexslider-loading fusion-post-slideshow\" style=\"border-color:#e8e8e8;\">\n\t\t<ul class=\"slides\">\n\t\t\t\n\t\t\t\t\t\t\t\t\t\t\t\t\t\t<li><div  class=\"fusion-image-wrapper\" aria-haspopup=\"true\">\n\t\t\t\t<img width=\"780\" height=\"516\" src=\"https:\/\/www.cercle-credo.com\/wp-content\/uploads\/2022\/12\/Capture-decran-2022-12-21-a-10.48.39.png\" class=\"attachment-full size-full wp-post-image\" alt=\"\" srcset=\"https:\/\/www.cercle-credo.com\/wp-content\/uploads\/2022\/12\/Capture-decran-2022-12-21-a-10.48.39-200x132.png 200w, https:\/\/www.cercle-credo.com\/wp-content\/uploads\/2022\/12\/Capture-decran-2022-12-21-a-10.48.39-400x265.png 400w, https:\/\/www.cercle-credo.com\/wp-content\/uploads\/2022\/12\/Capture-decran-2022-12-21-a-10.48.39-600x397.png 600w, https:\/\/www.cercle-credo.com\/wp-content\/uploads\/2022\/12\/Capture-decran-2022-12-21-a-10.48.39.png 780w\" sizes=\"(max-width: 1024px) 100vw, (max-width: 640px) 100vw, 40vw\" \/><div class=\"fusion-rollover\">\n\t<div class=\"fusion-rollover-content\">\n\n\t\t\t\t\t\t\t\t\t\t\t\t\t\t<a class=\"fusion-rollover-link\" href=\"https:\/\/www.cercle-credo.com\/en\/photonics-for-telecommunications\/\">Photonics for telecommunications<\/a>\n\t\t\t\n\t\t\t\t\t\t\t\t\n\t\t\n\t\t\t\t\t\t\t\t\n\t\t\t\t\t\t\t\t\n\t\t\n\t\t\t\t\t\t<a class=\"fusion-link-wrapper\" href=\"https:\/\/www.cercle-credo.com\/en\/photonics-for-telecommunications\/\" aria-label=\"Photonics for telecommunications\"><\/a>\n\t<\/div>\n<\/div>\n<\/div>\n<\/li>\n\t\t\t\n\t\t\t\n\t\t\t\t\t\t\t\t\t\t\t\t\t\t\t\t\t\t\t\t\t\t\t\t\t\t\t\t\t\t\t\t\t\t\t\t\t\t\t\t\t\t\t\t\t\t\t\t\t\t\t\t\t\t\t\t\t\t\t\t\t\t\t\t\t\t\t\t<\/ul>\n\t<\/div>\n\t<div class=\"fusion-post-content-wrapper\" style=\"padding:30px 25px 20px 25px;\"><div class=\"fusion-post-content post-content\"><div class=\"fusion-timeline-circle\" style=\"background-color:#e8e8e8;\"><\/div><div class=\"fusion-timeline-arrow\" style=\"color:#e8e8e8;\"><\/div><h2 class=\"blog-shortcode-post-title entry-title\"><a href=\"https:\/\/www.cercle-credo.com\/en\/photonics-for-telecommunications\/\">Photonics for telecommunications<\/a><\/h2><p class=\"fusion-single-line-meta\"><span class=\"vcard\" style=\"display: none;\"><span class=\"fn\"><a href=\"https:\/\/www.cercle-credo.com\/en\/author\/philippinedemars\/\" title=\"Posts by Philippine DEMARS\" rel=\"author\">Philippine DEMARS<\/a><\/span><\/span><span class=\"updated\" style=\"display:none;\">2023-02-21T11:13:17+01:00<\/span><span>21 February 2023<\/span><span class=\"fusion-inline-sep\">|<\/span><a href=\"https:\/\/www.cercle-credo.com\/en\/category\/events\/external\/\" rel=\"category tag\">External<\/a>, <a href=\"https:\/\/www.cercle-credo.com\/en\/category\/news\/\" rel=\"category tag\">News<\/a><span class=\"fusion-inline-sep\">|<\/span><\/p><div class=\"fusion-content-sep sep-single sep-solid\"><\/div><div class=\"fusion-post-content-container\"><p>Photonics France is organizing its next Business Meeting: \u201cPhotonics for telecoms\u201d on March 21, 2023 at T\u00e9l\u00e9com Paris. Registrations are open.<\/p><\/div><\/div><div class=\"fusion-meta-info\"><div class=\"fusion-alignleft\"><a class=\"fusion-read-more\" href=\"https:\/\/www.cercle-credo.com\/en\/photonics-for-telecommunications\/\" aria-label=\"More on Photonics for telecommunications\">Read More<\/a><\/div><\/div><\/div><div class=\"fusion-clearfix\"><\/div><\/div>\n<\/article>\n<article id=\"blog-1-post-5826\" style=\"border-color:#e8e8e8;\" class=\"fusion-post-timeline fusion-clearfix fusion-left-column post-5826 post type-post status-publish format-standard has-post-thumbnail hentry category-news category-workshops\">\n<div class=\"fusion-post-wrapper\" style=\"background-color:rgba(255,255,255,0);\">\n\n\t\t\t<div class=\"fusion-flexslider flexslider fusion-flexslider-loading fusion-post-slideshow\" style=\"border-color:#e8e8e8;\">\n\t\t<ul class=\"slides\">\n\t\t\t\n\t\t\t\t\t\t\t\t\t\t\t\t\t\t<li><div  class=\"fusion-image-wrapper\" aria-haspopup=\"true\">\n\t\t\t\t<img width=\"897\" height=\"630\" src=\"https:\/\/www.cercle-credo.com\/wp-content\/uploads\/2013\/01\/miniarure-atelier-credo.jpg\" class=\"attachment-full size-full wp-post-image\" alt=\"\" srcset=\"https:\/\/www.cercle-credo.com\/wp-content\/uploads\/2013\/01\/miniarure-atelier-credo-200x140.jpg 200w, https:\/\/www.cercle-credo.com\/wp-content\/uploads\/2013\/01\/miniarure-atelier-credo-400x281.jpg 400w, https:\/\/www.cercle-credo.com\/wp-content\/uploads\/2013\/01\/miniarure-atelier-credo-600x421.jpg 600w, https:\/\/www.cercle-credo.com\/wp-content\/uploads\/2013\/01\/miniarure-atelier-credo-800x562.jpg 800w, https:\/\/www.cercle-credo.com\/wp-content\/uploads\/2013\/01\/miniarure-atelier-credo.jpg 897w\" sizes=\"(max-width: 1024px) 100vw, (max-width: 640px) 100vw, 40vw\" \/><div class=\"fusion-rollover\">\n\t<div class=\"fusion-rollover-content\">\n\n\t\t\t\t\t\t\t\t\t\t\t\t\t\t<a class=\"fusion-rollover-link\" href=\"https:\/\/www.cercle-credo.com\/en\/february-2-2023-workshop\/\">February 2, 2023 workshop<\/a>\n\t\t\t\n\t\t\t\t\t\t\t\t\n\t\t\n\t\t\t\t\t\t\t\t\n\t\t\t\t\t\t\t\t\n\t\t\n\t\t\t\t\t\t<a class=\"fusion-link-wrapper\" href=\"https:\/\/www.cercle-credo.com\/en\/february-2-2023-workshop\/\" aria-label=\"February 2, 2023 workshop\"><\/a>\n\t<\/div>\n<\/div>\n<\/div>\n<\/li>\n\t\t\t\n\t\t\t\n\t\t\t\t\t\t\t\t\t\t\t\t\t\t\t\t\t\t\t\t\t\t\t\t\t\t\t\t\t\t\t\t\t\t\t\t\t\t\t\t\t\t\t\t\t\t\t\t\t\t\t\t\t\t\t\t\t\t\t\t\t\t\t\t\t\t\t\t<\/ul>\n\t<\/div>\n\t<div class=\"fusion-post-content-wrapper\" style=\"padding:30px 25px 20px 25px;\"><div class=\"fusion-post-content post-content\"><div class=\"fusion-timeline-circle\" style=\"background-color:#e8e8e8;\"><\/div><div class=\"fusion-timeline-arrow\" style=\"color:#e8e8e8;\"><\/div><h2 class=\"blog-shortcode-post-title entry-title\"><a href=\"https:\/\/www.cercle-credo.com\/en\/february-2-2023-workshop\/\">February 2, 2023 workshop<\/a><\/h2><p class=\"fusion-single-line-meta\"><span class=\"vcard\" style=\"display: none;\"><span class=\"fn\"><a href=\"https:\/\/www.cercle-credo.com\/en\/author\/admincredo\/\" title=\"Posts by adminCREDO\" rel=\"author\">adminCREDO<\/a><\/span><\/span><span class=\"updated\" style=\"display:none;\">2023-01-30T09:39:49+01:00<\/span><span>02 February 2023<\/span><span class=\"fusion-inline-sep\">|<\/span><a href=\"https:\/\/www.cercle-credo.com\/en\/category\/news\/\" rel=\"category tag\">News<\/a>, <a href=\"https:\/\/www.cercle-credo.com\/en\/category\/events\/workshops\/\" rel=\"category tag\">Workshops<\/a><span class=\"fusion-inline-sep\">|<\/span><\/p><div class=\"fusion-content-sep sep-single sep-solid\"><\/div><div class=\"fusion-post-content-container\"><p>How Passive Optical LAN illuminates businesses and campuses\" - Fiber to the offices of Orange France - What passive infrastructure for POLAN networks?<\/p><\/div><\/div><div class=\"fusion-meta-info\"><div class=\"fusion-alignleft\"><a class=\"fusion-read-more\" href=\"https:\/\/www.cercle-credo.com\/en\/february-2-2023-workshop\/\" aria-label=\"More on February 2, 2023 workshop\">Read More<\/a><\/div><\/div><\/div><div class=\"fusion-clearfix\"><\/div><\/div>\n<\/article>\n<\/div><h3 class=\"fusion-timeline-date\" style=\"background-color:#e8e8e8;\">08\/12\/2022<\/h3><div class=\"fusion-collapse-month\"><article id=\"blog-1-post-5804\" style=\"border-color:#e8e8e8;\" class=\"fusion-post-timeline fusion-clearfix fusion-right-column post-5804 post type-post status-publish format-standard has-post-thumbnail hentry category-credo-en category-events category-news\">\n<div class=\"fusion-post-wrapper\" style=\"background-color:rgba(255,255,255,0);\">\n\n\t\t\t<div class=\"fusion-flexslider flexslider fusion-flexslider-loading fusion-post-slideshow\" style=\"border-color:#e8e8e8;\">\n\t\t<ul class=\"slides\">\n\t\t\t\n\t\t\t\t\t\t\t\t\t\t\t\t\t\t<li><div  class=\"fusion-image-wrapper\" aria-haspopup=\"true\">\n\t\t\t\t<img width=\"2160\" height=\"1080\" src=\"https:\/\/www.cercle-credo.com\/wp-content\/uploads\/2022\/09\/6375f0ffa689a7259a0110f6.png\" class=\"attachment-full size-full wp-post-image\" alt=\"\" srcset=\"https:\/\/www.cercle-credo.com\/wp-content\/uploads\/2022\/09\/6375f0ffa689a7259a0110f6-200x100.png 200w, https:\/\/www.cercle-credo.com\/wp-content\/uploads\/2022\/09\/6375f0ffa689a7259a0110f6-400x200.png 400w, https:\/\/www.cercle-credo.com\/wp-content\/uploads\/2022\/09\/6375f0ffa689a7259a0110f6-600x300.png 600w, https:\/\/www.cercle-credo.com\/wp-content\/uploads\/2022\/09\/6375f0ffa689a7259a0110f6-800x400.png 800w, https:\/\/www.cercle-credo.com\/wp-content\/uploads\/2022\/09\/6375f0ffa689a7259a0110f6-1200x600.png 1200w, https:\/\/www.cercle-credo.com\/wp-content\/uploads\/2022\/09\/6375f0ffa689a7259a0110f6.png 2160w\" sizes=\"(max-width: 1024px) 100vw, (max-width: 640px) 100vw, 40vw\" \/><div class=\"fusion-rollover\">\n\t<div class=\"fusion-rollover-content\">\n\n\t\t\t\t\t\t\t\t\t\t\t\t\t\t<a class=\"fusion-rollover-link\" href=\"https:\/\/www.cercle-credo.com\/en\/fiber-thursday-feedback-from-rips-network-life\/\">Fiber Thursday: Feedback from RIPs &amp; Network Life<\/a>\n\t\t\t\n\t\t\t\t\t\t\t\t\n\t\t\n\t\t\t\t\t\t\t\t\n\t\t\t\t\t\t\t\t\n\t\t\n\t\t\t\t\t\t<a class=\"fusion-link-wrapper\" href=\"https:\/\/www.cercle-credo.com\/en\/fiber-thursday-feedback-from-rips-network-life\/\" aria-label=\"Fiber Thursday: Feedback from RIPs &amp; Network Life\"><\/a>\n\t<\/div>\n<\/div>\n<\/div>\n<\/li>\n\t\t\t\n\t\t\t\n\t\t\t\t\t\t\t\t\t\t\t\t\t\t\t\t\t\t\t\t\t\t\t\t\t\t\t\t\t\t\t\t\t\t\t\t\t\t\t\t\t\t\t\t\t\t\t\t\t\t\t\t\t\t\t\t\t\t\t\t\t\t\t\t\t\t\t\t<\/ul>\n\t<\/div>\n\t<div class=\"fusion-post-content-wrapper\" style=\"padding:30px 25px 20px 25px;\"><div class=\"fusion-post-content post-content\"><div class=\"fusion-timeline-circle\" style=\"background-color:#e8e8e8;\"><\/div><div class=\"fusion-timeline-arrow\" style=\"color:#e8e8e8;\"><\/div><h2 class=\"blog-shortcode-post-title entry-title\"><a href=\"https:\/\/www.cercle-credo.com\/en\/fiber-thursday-feedback-from-rips-network-life\/\">Fiber Thursday: Feedback from RIPs &amp; Network Life<\/a><\/h2><p class=\"fusion-single-line-meta\"><span class=\"vcard\" style=\"display: none;\"><span class=\"fn\"><a href=\"https:\/\/www.cercle-credo.com\/en\/author\/philippinedemars\/\" title=\"Posts by Philippine DEMARS\" rel=\"author\">Philippine DEMARS<\/a><\/span><\/span><span class=\"updated\" style=\"display:none;\">2023-01-30T08:37:55+01:00<\/span><span>08 December 2022<\/span><span class=\"fusion-inline-sep\">|<\/span><a href=\"https:\/\/www.cercle-credo.com\/en\/category\/credo-en\/\" rel=\"category tag\">Credo<\/a>, <a href=\"https:\/\/www.cercle-credo.com\/en\/category\/events\/\" rel=\"category tag\">Events<\/a>, <a href=\"https:\/\/www.cercle-credo.com\/en\/category\/news\/\" rel=\"category tag\">News<\/a><span class=\"fusion-inline-sep\">|<\/span><\/p><div class=\"fusion-content-sep sep-single sep-solid\"><\/div><div class=\"fusion-post-content-container\"><p> Cercle CREDO organized its \"Fibre Thursday\" on Thursday December 8, 2022 in person at Espace Hamelin (Paris 1\u00a7e) and remotely. \"FttH - Feedback: good practices Life of the Network: what challenges\" RIP deployments are well advanced. This is why [...]<\/p><\/div><\/div><div class=\"fusion-meta-info\"><div class=\"fusion-alignleft\"><a class=\"fusion-read-more\" href=\"https:\/\/www.cercle-credo.com\/en\/fiber-thursday-feedback-from-rips-network-life\/\" aria-label=\"More on Fiber Thursday: Feedback from RIPs &amp; Network Life\">Read More<\/a><\/div><\/div><\/div><div class=\"fusion-clearfix\"><\/div><\/div>\n<\/article>\n<\/div><h3 class=\"fusion-timeline-date\" style=\"background-color:#e8e8e8;\">22\/11\/2022<\/h3><div class=\"fusion-collapse-month\"><article id=\"blog-1-post-5792\" style=\"border-color:#e8e8e8;\" class=\"fusion-post-timeline fusion-clearfix fusion-left-column post-5792 post type-post status-publish format-standard has-post-thumbnail hentry category-events category-news\">\n<div class=\"fusion-post-wrapper\" style=\"background-color:rgba(255,255,255,0);\">\n\n\t\t\t<div class=\"fusion-flexslider flexslider fusion-flexslider-loading fusion-post-slideshow\" style=\"border-color:#e8e8e8;\">\n\t\t<ul class=\"slides\">\n\t\t\t\n\t\t\t\t\t\t\t\t\t\t\t\t\t\t<li><div  class=\"fusion-image-wrapper\" aria-haspopup=\"true\">\n\t\t\t\t<img width=\"897\" height=\"630\" src=\"https:\/\/www.cercle-credo.com\/wp-content\/uploads\/2022\/11\/miniature_TRIPaut2022.jpg\" class=\"attachment-full size-full wp-post-image\" alt=\"\" srcset=\"https:\/\/www.cercle-credo.com\/wp-content\/uploads\/2022\/11\/miniature_TRIPaut2022-200x140.jpg 200w, https:\/\/www.cercle-credo.com\/wp-content\/uploads\/2022\/11\/miniature_TRIPaut2022-400x281.jpg 400w, https:\/\/www.cercle-credo.com\/wp-content\/uploads\/2022\/11\/miniature_TRIPaut2022-600x421.jpg 600w, https:\/\/www.cercle-credo.com\/wp-content\/uploads\/2022\/11\/miniature_TRIPaut2022-800x562.jpg 800w, https:\/\/www.cercle-credo.com\/wp-content\/uploads\/2022\/11\/miniature_TRIPaut2022.jpg 897w\" sizes=\"(max-width: 1024px) 100vw, (max-width: 640px) 100vw, 40vw\" \/><div class=\"fusion-rollover\">\n\t<div class=\"fusion-rollover-content\">\n\n\t\t\t\t\t\t\t\t\t\t\t\t\t\t<a class=\"fusion-rollover-link\" href=\"https:\/\/www.cercle-credo.com\/en\/the-credo-circle-participates-in-the-avicca-fall-trip\/\">The Credo Circle participates in the AVICCA Fall TRIP<\/a>\n\t\t\t\n\t\t\t\t\t\t\t\t\n\t\t\n\t\t\t\t\t\t\t\t\n\t\t\t\t\t\t\t\t\n\t\t\n\t\t\t\t\t\t<a class=\"fusion-link-wrapper\" href=\"https:\/\/www.cercle-credo.com\/en\/the-credo-circle-participates-in-the-avicca-fall-trip\/\" aria-label=\"The Credo Circle participates in the AVICCA Fall TRIP\"><\/a>\n\t<\/div>\n<\/div>\n<\/div>\n<\/li>\n\t\t\t\n\t\t\t\n\t\t\t\t\t\t\t\t\t\t\t\t\t\t\t\t\t\t\t\t\t\t\t\t\t\t\t\t\t\t\t\t\t\t\t\t\t\t\t\t\t\t\t\t\t\t\t\t\t\t\t\t\t\t\t\t\t\t\t\t\t\t\t\t\t\t\t\t<\/ul>\n\t<\/div>\n\t<div class=\"fusion-post-content-wrapper\" style=\"padding:30px 25px 20px 25px;\"><div class=\"fusion-post-content post-content\"><div class=\"fusion-timeline-circle\" style=\"background-color:#e8e8e8;\"><\/div><div class=\"fusion-timeline-arrow\" style=\"color:#e8e8e8;\"><\/div><h2 class=\"blog-shortcode-post-title entry-title\"><a href=\"https:\/\/www.cercle-credo.com\/en\/the-credo-circle-participates-in-the-avicca-fall-trip\/\">The Credo Circle participates in the AVICCA Fall TRIP<\/a><\/h2><p class=\"fusion-single-line-meta\"><span class=\"vcard\" style=\"display: none;\"><span class=\"fn\"><a href=\"https:\/\/www.cercle-credo.com\/en\/author\/philippinedemars\/\" title=\"Posts by Philippine DEMARS\" rel=\"author\">Philippine DEMARS<\/a><\/span><\/span><span class=\"updated\" style=\"display:none;\">2022-11-22T15:29:37+01:00<\/span><span>22 November 2022<\/span><span class=\"fusion-inline-sep\">|<\/span><a href=\"https:\/\/www.cercle-credo.com\/en\/category\/events\/\" rel=\"category tag\">Events<\/a>, <a href=\"https:\/\/www.cercle-credo.com\/en\/category\/news\/\" rel=\"category tag\">News<\/a><span class=\"fusion-inline-sep\">|<\/span><\/p><div class=\"fusion-content-sep sep-single sep-solid\"><\/div><div class=\"fusion-post-content-container\"><p>Le Credo Circle participated in the AVICCA Autumn TRIP on November 22 and 23, 2022 at the Institut Pasteur in Paris. To know more &gt;<\/p><\/div><\/div><div class=\"fusion-meta-info\"><div class=\"fusion-alignleft\"><a class=\"fusion-read-more\" href=\"https:\/\/www.cercle-credo.com\/en\/the-credo-circle-participates-in-the-avicca-fall-trip\/\" aria-label=\"More on The Credo Circle participates in the AVICCA Fall TRIP\">Read More<\/a><\/div><\/div><\/div><div class=\"fusion-clearfix\"><\/div><\/div>\n<\/article>\n<article id=\"blog-1-post-5791\" style=\"border-color:#e8e8e8;\" class=\"fusion-post-timeline fusion-clearfix fusion-right-column post-5791 post type-post status-publish format-standard has-post-thumbnail hentry category-external category-news\">\n<div class=\"fusion-post-wrapper\" style=\"background-color:rgba(255,255,255,0);\">\n\n\t\t\t<div class=\"fusion-flexslider flexslider fusion-flexslider-loading fusion-post-slideshow\" style=\"border-color:#e8e8e8;\">\n\t\t<ul class=\"slides\">\n\t\t\t\n\t\t\t\t\t\t\t\t\t\t\t\t\t\t<li><div  class=\"fusion-image-wrapper\" aria-haspopup=\"true\">\n\t\t\t\t<img src=\"https:\/\/www.cercle-credo.com\/wp-content\/uploads\/2022\/10\/Visuel_Webinar_15_11_22.jpg\" class=\"attachment-full size-full wp-post-image\" alt=\"\" \/><div class=\"fusion-rollover\">\n\t<div class=\"fusion-rollover-content\">\n\n\t\t\t\t\t\t\t\t\t\t\t\t\t\t<a class=\"fusion-rollover-link\" href=\"https:\/\/www.cercle-credo.com\/en\/webinar-optical-fiber-and-end-of-the-copper-network-networks-processes-on-november-15-2022\/\">Webinar &#8220;Optical fiber and end of the copper network: networks &amp; processes&#8221; on November 15, 2022<\/a>\n\t\t\t\n\t\t\t\t\t\t\t\t\n\t\t\n\t\t\t\t\t\t\t\t\n\t\t\t\t\t\t\t\t\n\t\t\n\t\t\t\t\t\t<a class=\"fusion-link-wrapper\" href=\"https:\/\/www.cercle-credo.com\/en\/webinar-optical-fiber-and-end-of-the-copper-network-networks-processes-on-november-15-2022\/\" aria-label=\"Webinar &#8220;Optical fiber and end of the copper network: networks &amp; processes&#8221; on November 15, 2022\"><\/a>\n\t<\/div>\n<\/div>\n<\/div>\n<\/li>\n\t\t\t\n\t\t\t\n\t\t\t\t\t\t\t\t\t\t\t\t\t\t\t\t\t\t\t\t\t\t\t\t\t\t\t\t\t\t\t\t\t\t\t\t\t\t\t\t\t\t\t\t\t\t\t\t\t\t\t\t\t\t\t\t\t\t\t\t\t\t\t\t\t\t\t\t<\/ul>\n\t<\/div>\n\t<div class=\"fusion-post-content-wrapper\" style=\"padding:30px 25px 20px 25px;\"><div class=\"fusion-post-content post-content\"><div class=\"fusion-timeline-circle\" style=\"background-color:#e8e8e8;\"><\/div><div class=\"fusion-timeline-arrow\" style=\"color:#e8e8e8;\"><\/div><h2 class=\"blog-shortcode-post-title entry-title\"><a href=\"https:\/\/www.cercle-credo.com\/en\/webinar-optical-fiber-and-end-of-the-copper-network-networks-processes-on-november-15-2022\/\">Webinar &#8220;Optical fiber and end of the copper network: networks &amp; processes&#8221; on November 15, 2022<\/a><\/h2><p class=\"fusion-single-line-meta\"><span class=\"vcard\" style=\"display: none;\"><span class=\"fn\"><a href=\"https:\/\/www.cercle-credo.com\/en\/author\/philippinedemars\/\" title=\"Posts by Philippine DEMARS\" rel=\"author\">Philippine DEMARS<\/a><\/span><\/span><span class=\"updated\" style=\"display:none;\">2022-11-15T10:25:50+01:00<\/span><span>15 November 2022<\/span><span class=\"fusion-inline-sep\">|<\/span><a href=\"https:\/\/www.cercle-credo.com\/en\/category\/events\/external\/\" rel=\"category tag\">External<\/a>, <a href=\"https:\/\/www.cercle-credo.com\/en\/category\/news\/\" rel=\"category tag\">News<\/a><span class=\"fusion-inline-sep\">|<\/span><\/p><div class=\"fusion-content-sep sep-single sep-solid\"><\/div><div class=\"fusion-post-content-container\"><p>\"Networks &amp; Services\" Group In recent years in France, in parallel with the deployment of mobile networks, we have witnessed the acceleration of the deployment of optical fiber throughout the territory, both to connect residential customers and businesses or communities. [...]<\/p><\/div><\/div><div class=\"fusion-meta-info\"><div class=\"fusion-alignleft\"><a class=\"fusion-read-more\" href=\"https:\/\/www.cercle-credo.com\/en\/webinar-optical-fiber-and-end-of-the-copper-network-networks-processes-on-november-15-2022\/\" aria-label=\"More on Webinar &#8220;Optical fiber and end of the copper network: networks &amp; processes&#8221; on November 15, 2022\">Read More<\/a><\/div><\/div><\/div><div class=\"fusion-clearfix\"><\/div><\/div>\n<\/article>\n<\/div><h3 class=\"fusion-timeline-date\" style=\"background-color:#e8e8e8;\">05\/10\/2022<\/h3><div class=\"fusion-collapse-month\"><article id=\"blog-1-post-5109\" style=\"border-color:#e8e8e8;\" class=\"fusion-post-timeline fusion-clearfix fusion-left-column post-5109 post type-post status-publish format-standard has-post-thumbnail hentry category-external category-news\">\n<div class=\"fusion-post-wrapper\" style=\"background-color:rgba(255,255,255,0);\">\n\n\t\t\t<div class=\"fusion-flexslider flexslider fusion-flexslider-loading fusion-post-slideshow\" style=\"border-color:#e8e8e8;\">\n\t\t<ul class=\"slides\">\n\t\t\t\n\t\t\t\t\t\t\t\t\t\t\t\t\t\t<li><div  class=\"fusion-image-wrapper\" aria-haspopup=\"true\">\n\t\t\t\t<img width=\"1920\" height=\"1080\" src=\"https:\/\/www.cercle-credo.com\/wp-content\/uploads\/2022\/07\/UTHD2022-1920x1080px.jpg\" class=\"attachment-full size-full wp-post-image\" alt=\"\" srcset=\"https:\/\/www.cercle-credo.com\/wp-content\/uploads\/2022\/07\/UTHD2022-1920x1080px-200x113.jpg 200w, https:\/\/www.cercle-credo.com\/wp-content\/uploads\/2022\/07\/UTHD2022-1920x1080px-400x225.jpg 400w, https:\/\/www.cercle-credo.com\/wp-content\/uploads\/2022\/07\/UTHD2022-1920x1080px-600x338.jpg 600w, https:\/\/www.cercle-credo.com\/wp-content\/uploads\/2022\/07\/UTHD2022-1920x1080px-800x450.jpg 800w, https:\/\/www.cercle-credo.com\/wp-content\/uploads\/2022\/07\/UTHD2022-1920x1080px-1200x675.jpg 1200w, https:\/\/www.cercle-credo.com\/wp-content\/uploads\/2022\/07\/UTHD2022-1920x1080px.jpg 1920w\" sizes=\"(max-width: 1024px) 100vw, (max-width: 640px) 100vw, 40vw\" \/><div class=\"fusion-rollover\">\n\t<div class=\"fusion-rollover-content\">\n\n\t\t\t\t\t\t\t\t\t\t\t\t\t\t<a class=\"fusion-rollover-link\" href=\"https:\/\/www.cercle-credo.com\/en\/credo-circle-participates-in-the-uthd-2022\/\">CREDO Circle participates in the UTHD 2022<\/a>\n\t\t\t\n\t\t\t\t\t\t\t\t\n\t\t\n\t\t\t\t\t\t\t\t\n\t\t\t\t\t\t\t\t\n\t\t\n\t\t\t\t\t\t<a class=\"fusion-link-wrapper\" href=\"https:\/\/www.cercle-credo.com\/en\/credo-circle-participates-in-the-uthd-2022\/\" aria-label=\"CREDO Circle participates in the UTHD 2022\"><\/a>\n\t<\/div>\n<\/div>\n<\/div>\n<\/li>\n\t\t\t\n\t\t\t\n\t\t\t\t\t\t\t\t\t\t\t\t\t\t\t\t\t\t\t\t\t\t\t\t\t\t\t\t\t\t\t\t\t\t\t\t\t\t\t\t\t\t\t\t\t\t\t\t\t\t\t\t\t\t\t\t\t\t\t\t\t\t\t\t\t\t\t\t<\/ul>\n\t<\/div>\n\t<div class=\"fusion-post-content-wrapper\" style=\"padding:30px 25px 20px 25px;\"><div class=\"fusion-post-content post-content\"><div class=\"fusion-timeline-circle\" style=\"background-color:#e8e8e8;\"><\/div><div class=\"fusion-timeline-arrow\" style=\"color:#e8e8e8;\"><\/div><h2 class=\"blog-shortcode-post-title entry-title\"><a href=\"https:\/\/www.cercle-credo.com\/en\/credo-circle-participates-in-the-uthd-2022\/\">CREDO Circle participates in the UTHD 2022<\/a><\/h2><p class=\"fusion-single-line-meta\"><span class=\"vcard\" style=\"display: none;\"><span class=\"fn\"><a href=\"https:\/\/www.cercle-credo.com\/en\/author\/philippinedemars\/\" title=\"Posts by Philippine DEMARS\" rel=\"author\">Philippine DEMARS<\/a><\/span><\/span><span class=\"updated\" style=\"display:none;\">2023-01-27T15:54:23+01:00<\/span><span>05 October 2022<\/span><span class=\"fusion-inline-sep\">|<\/span><a href=\"https:\/\/www.cercle-credo.com\/en\/category\/events\/external\/\" rel=\"category tag\">External<\/a>, <a href=\"https:\/\/www.cercle-credo.com\/en\/category\/news\/\" rel=\"category tag\">News<\/a><span class=\"fusion-inline-sep\">|<\/span><\/p><div class=\"fusion-content-sep sep-single sep-solid\"><\/div><div class=\"fusion-post-content-container\"><p>Each year, InfraNum, Ideal Knowledge and Avicca meet at the start of the school year with all public and private players in the digital infrastructure sector to take stock with first-rate interlocutors on the subjects that drive the sector. This [...]<\/p><\/div><\/div><div class=\"fusion-meta-info\"><div class=\"fusion-alignleft\"><a class=\"fusion-read-more\" href=\"https:\/\/www.cercle-credo.com\/en\/credo-circle-participates-in-the-uthd-2022\/\" aria-label=\"More on CREDO Circle participates in the UTHD 2022\">Read More<\/a><\/div><\/div><\/div><div class=\"fusion-clearfix\"><\/div><\/div>\n<\/article>\n<article id=\"blog-1-post-5142\" style=\"border-color:#e8e8e8;\" class=\"fusion-post-timeline fusion-clearfix fusion-right-column post-5142 post type-post status-publish format-standard has-post-thumbnail hentry category-news category-workshops\">\n<div class=\"fusion-post-wrapper\" style=\"background-color:rgba(255,255,255,0);\">\n\n\t\t\t<div class=\"fusion-flexslider flexslider fusion-flexslider-loading fusion-post-slideshow\" style=\"border-color:#e8e8e8;\">\n\t\t<ul class=\"slides\">\n\t\t\t\n\t\t\t\t\t\t\t\t\t\t\t\t\t\t<li><div  class=\"fusion-image-wrapper\" aria-haspopup=\"true\">\n\t\t\t\t<img width=\"897\" height=\"630\" src=\"https:\/\/www.cercle-credo.com\/wp-content\/uploads\/2013\/01\/miniarure-atelier-credo.jpg\" class=\"attachment-full size-full wp-post-image\" alt=\"\" srcset=\"https:\/\/www.cercle-credo.com\/wp-content\/uploads\/2013\/01\/miniarure-atelier-credo-200x140.jpg 200w, https:\/\/www.cercle-credo.com\/wp-content\/uploads\/2013\/01\/miniarure-atelier-credo-400x281.jpg 400w, https:\/\/www.cercle-credo.com\/wp-content\/uploads\/2013\/01\/miniarure-atelier-credo-600x421.jpg 600w, https:\/\/www.cercle-credo.com\/wp-content\/uploads\/2013\/01\/miniarure-atelier-credo-800x562.jpg 800w, https:\/\/www.cercle-credo.com\/wp-content\/uploads\/2013\/01\/miniarure-atelier-credo.jpg 897w\" sizes=\"(max-width: 1024px) 100vw, (max-width: 640px) 100vw, 40vw\" \/><div class=\"fusion-rollover\">\n\t<div class=\"fusion-rollover-content\">\n\n\t\t\t\t\t\t\t\t\t\t\t\t\t\t<a class=\"fusion-rollover-link\" href=\"https:\/\/www.cercle-credo.com\/en\/workshop-of-october-04-2022\/\">Workshop of October 04, 2022<\/a>\n\t\t\t\n\t\t\t\t\t\t\t\t\n\t\t\n\t\t\t\t\t\t\t\t\n\t\t\t\t\t\t\t\t\n\t\t\n\t\t\t\t\t\t<a class=\"fusion-link-wrapper\" href=\"https:\/\/www.cercle-credo.com\/en\/workshop-of-october-04-2022\/\" aria-label=\"Workshop of October 04, 2022\"><\/a>\n\t<\/div>\n<\/div>\n<\/div>\n<\/li>\n\t\t\t\n\t\t\t\n\t\t\t\t\t\t\t\t\t\t\t\t\t\t\t\t\t\t\t\t\t\t\t\t\t\t\t\t\t\t\t\t\t\t\t\t\t\t\t\t\t\t\t\t\t\t\t\t\t\t\t\t\t\t\t\t\t\t\t\t\t\t\t\t\t\t\t\t<\/ul>\n\t<\/div>\n\t<div class=\"fusion-post-content-wrapper\" style=\"padding:30px 25px 20px 25px;\"><div class=\"fusion-post-content post-content\"><div class=\"fusion-timeline-circle\" style=\"background-color:#e8e8e8;\"><\/div><div class=\"fusion-timeline-arrow\" style=\"color:#e8e8e8;\"><\/div><h2 class=\"blog-shortcode-post-title entry-title\"><a href=\"https:\/\/www.cercle-credo.com\/en\/workshop-of-october-04-2022\/\">Workshop of October 04, 2022<\/a><\/h2><p class=\"fusion-single-line-meta\"><span class=\"vcard\" style=\"display: none;\"><span class=\"fn\"><a href=\"https:\/\/www.cercle-credo.com\/en\/author\/philippinedemars\/\" title=\"Posts by Philippine DEMARS\" rel=\"author\">Philippine DEMARS<\/a><\/span><\/span><span class=\"updated\" style=\"display:none;\">2022-09-22T11:30:23+02:00<\/span><span>04 October 2022<\/span><span class=\"fusion-inline-sep\">|<\/span><a href=\"https:\/\/www.cercle-credo.com\/en\/category\/news\/\" rel=\"category tag\">News<\/a>, <a href=\"https:\/\/www.cercle-credo.com\/en\/category\/events\/workshops\/\" rel=\"category tag\">Workshops<\/a><span class=\"fusion-inline-sep\">|<\/span><\/p><div class=\"fusion-content-sep sep-single sep-solid\"><\/div><div class=\"fusion-post-content-container\"><p>      Thursday, October 4, 2022, Online (Webex) 9:00 \u2013 12:30am   Tool for simulating the laying of cables in tubes, by air or water transport (Plumettaz) Safety rules when working near electrical installations (ENEDIS) [...]<\/p><\/div><\/div><div class=\"fusion-meta-info\"><div class=\"fusion-alignleft\"><a class=\"fusion-read-more\" href=\"https:\/\/www.cercle-credo.com\/en\/workshop-of-october-04-2022\/\" aria-label=\"More on Workshop of October 04, 2022\">Read More<\/a><\/div><\/div><\/div><div class=\"fusion-clearfix\"><\/div><\/div>\n<\/article>\n<\/div><\/div><\/div><div class=\"fusion-infinite-scroll-trigger\"><\/div><div class=\"pagination infinite-scroll clearfix\" style=\"display:none;\"><span class=\"current\">1<\/span><a href=\"https:\/\/www.cercle-credo.com\/en\/wp-json\/wp\/v2\/pages\/4447\/page\/2\/\" class=\"inactive\">2<\/a><a class=\"pagination-next\" rel=\"next\" href=\"https:\/\/www.cercle-credo.com\/en\/wp-json\/wp\/v2\/pages\/4447\/page\/2\/\"><span class=\"page-text\">Next<\/span><span class=\"page-next\"><\/span><\/a><\/div><div class=\"fusion-clearfix\"><\/div><\/div><\/div><\/div><div class=\"fusion-layout-column fusion_builder_column fusion-builder-column-6 fusion_builder_column_1_4 1_4 fusion-flex-column\" style=\"--awb-padding-top:20px;--awb-padding-bottom:20px;--awb-padding-left:40px;--awb-bg-size:cover;--awb-border-color:#7da7da;--awb-border-left:1px;--awb-border-style:solid;--awb-width-large:25%;--awb-margin-top-large:0px;--awb-spacing-right-large:7.68%;--awb-margin-bottom-large:20px;--awb-spacing-left-large:7.68%;--awb-width-medium:100%;--awb-order-medium:0;--awb-spacing-right-medium:1.92%;--awb-spacing-left-medium:1.92%;--awb-width-small:100%;--awb-order-small:0;--awb-spacing-right-small:1.92%;--awb-spacing-left-small:1.92%;\"><div class=\"fusion-column-wrapper fusion-column-has-shadow fusion-flex-justify-content-flex-start fusion-content-layout-column\"><div class=\"fusion-widget-area awb-widget-area-element fusion-widget-area-1 fusion-content-widget-area\" style=\"--awb-title-size:19px;--awb-title-color:#1177c0;--awb-padding:0px 0px 0px 0px;\"><div id=\"search-3\" class=\"widget widget_search\" style=\"border-style: solid;border-color:transparent;border-width:0px;\"><div class=\"heading\"><h4 class=\"widget-title\">Rechercher<\/h4><\/div>\t\t<form role=\"search\" class=\"searchform fusion-search-form  fusion-search-form-classic\" method=\"get\" action=\"https:\/\/www.cercle-credo.com\/en\/\">\n\t\t\t<div class=\"fusion-search-form-content\">\n\n\t\t\t\t\n\t\t\t\t<div class=\"fusion-search-field search-field\">\n\t\t\t\t\t<label><span class=\"screen-reader-text\">Search for:<\/span>\n\t\t\t\t\t\t\t\t\t\t\t\t\t<input type=\"search\" value=\"\" name=\"s\" class=\"s\" placeholder=\"Search...\" required aria-required=\"true\" aria-label=\"Search...\"\/>\n\t\t\t\t\t\t\t\t\t\t\t<\/label>\n\t\t\t\t<\/div>\n\t\t\t\t<div class=\"fusion-search-button search-button\">\n\t\t\t\t\t<input type=\"submit\" class=\"fusion-search-submit searchsubmit\" aria-label=\"Search\" value=\"&#xf002;\" \/>\n\t\t\t\t\t\t\t\t\t<\/div>\n\n\t\t\t\t\n\t\t\t<\/div>\n\n\n\t\t\t\n\t\t<\/form>\n\t\t<\/div><style type=\"text\/css\" data-id=\"tag_cloud-2\">@media (max-width: 800px){#tag_cloud-2{text-align:center !important;}}<\/style><div id=\"tag_cloud-2\" class=\"fusion-widget-mobile-align-center fusion-widget-align-center widget widget_tag_cloud\" style=\"border-style: solid;text-align: center;border-color:transparent;border-width:0px;\"><div class=\"tagcloud\"><a href=\"https:\/\/www.cercle-credo.com\/en\/tag\/5g-en\/\" class=\"tag-cloud-link tag-link-81 tag-link-position-1\" aria-label=\"5g (2 items)\">5g<\/a>\n<a href=\"https:\/\/www.cercle-credo.com\/en\/tag\/datacenters-en\/\" class=\"tag-cloud-link tag-link-89 tag-link-position-2\" aria-label=\"datacenters (1 item)\">datacenters<\/a>\n<a href=\"https:\/\/www.cercle-credo.com\/en\/tag\/ftth-en\/\" class=\"tag-cloud-link tag-link-80 tag-link-position-3\" aria-label=\"ftth (2 items)\">ftth<\/a>\n<a href=\"https:\/\/www.cercle-credo.com\/en\/tag\/infrastructures-en\/\" class=\"tag-cloud-link tag-link-90 tag-link-position-4\" aria-label=\"infrastructures (1 item)\">infrastructures<\/a>\n<a href=\"https:\/\/www.cercle-credo.com\/en\/tag\/laser-en\/\" class=\"tag-cloud-link tag-link-84 tag-link-position-5\" aria-label=\"laser (1 item)\">laser<\/a>\n<a href=\"https:\/\/www.cercle-credo.com\/en\/tag\/vfl-en\/\" class=\"tag-cloud-link tag-link-82 tag-link-position-6\" aria-label=\"vfl (1 item)\">vfl<\/a>\n<a href=\"https:\/\/www.cercle-credo.com\/en\/tag\/vfl-pens\/\" class=\"tag-cloud-link tag-link-83 tag-link-position-7\" aria-label=\"vfl pens (1 item)\">vfl pens<\/a><\/div>\n<\/div><style type=\"text\/css\" data-id=\"social_links-widget-4\">@media (max-width: 800px){#social_links-widget-4{text-align:center !important;}}<\/style><div id=\"social_links-widget-4\" class=\"fusion-widget-mobile-align-center fusion-widget-align-center widget social_links\" style=\"border-style: solid;text-align: center;border-color:transparent;border-width:0px;\">\n\t\t<div class=\"fusion-social-networks boxed-icons\">\n\n\t\t\t<div class=\"fusion-social-networks-wrapper\">\n\t\t\t\t\t\t\t\t\t\t\t\t\t\t\t\t\t\t\t\t\t\t\t\t\t\t\t\t\n\t\t\t\t\t\t\n\t\t\t\t\t\t\t\t\t\t\t\t\t\t\t\t\t\t\t\t\t\t\t\t\t\t\t\t\t\t\t\t\t\t\t<a class=\"fusion-social-network-icon fusion-tooltip fusion-linkedin awb-icon-linkedin\" href=\"https:\/\/www.linkedin.com\/company\/52114487\"  data-placement=\"top\" data-title=\"LinkedIn\" data-toggle=\"tooltip\" data-original-title=\"\"  title=\"LinkedIn\" aria-label=\"LinkedIn\" rel=\"noopener noreferrer\" target=\"_self\" style=\"border-radius:4px;padding:8px;font-size:16px;color:#ffffff;background-color:#0077b5;border-color:#0077b5;\"><\/a>\n\t\t\t\t\t\t\t\t\t\t\t\n\t\t\t\t\t\t\t\t\t\t\n\t\t\t\t\t\t\t\t\t\t\t\t\t\t\t\t\t\t\t\t\n\t\t\t\t\t\t\n\t\t\t\t\t\t\t\t\t\t\t\t\t\t\t\t\t\t\t\t\t\t\t\t\t\t\t\t\t\t\t\t\t\t\t<a class=\"fusion-social-network-icon fusion-tooltip fusion-twitter awb-icon-twitter\" href=\"https:\/\/twitter.com\/CercleCredo\"  data-placement=\"top\" data-title=\"Twitter\" data-toggle=\"tooltip\" data-original-title=\"\"  title=\"Twitter\" aria-label=\"Twitter\" rel=\"noopener noreferrer\" target=\"_self\" style=\"border-radius:4px;padding:8px;font-size:16px;color:#ffffff;background-color:#55acee;border-color:#55acee;\"><\/a>\n\t\t\t\t\t\t\t\t\t\t\t\n\t\t\t\t\t\t\t\t\t\t\n\t\t\t\t\t\t\t\t\t\t\t\t\t\t\t\t\t\t\t\t\t\t\t\t\t\t\t\t\t\t\t\t\t\t\t\t\t\t\t\t\t\t\t\t\t\t\t\t\n\t\t\t\t\t\t\n\t\t\t\t\t\t\t\t\t\t\t\t\t\t\t\t\t\t\t\t\t\t\t\t\t\t\t\t\t\t\t\t\t\t\t<a class=\"fusion-social-network-icon fusion-tooltip fusion-mail awb-icon-mail\" href=\"mailto:com&#109;u&#110;ica&#116;&#105;on&#064;cer&#099;&#108;&#101;&#045;c&#114;e&#100;&#111;.co&#109;\"  data-placement=\"top\" data-title=\"Mail\" data-toggle=\"tooltip\" data-original-title=\"\"  title=\"Mail\" aria-label=\"Mail\" rel=\"noopener noreferrer\" target=\"_self\" style=\"border-radius:4px;padding:8px;font-size:16px;color:#ffffff;background-color:#000000;border-color:#000000;\"><\/a>\n\t\t\t\t\t\t\t\t\t\t\t\n\t\t\t\t\t\t\t\t\t\t\n\t\t\t\t\n\t\t\t<\/div>\n\t\t<\/div>\n\n\t\t<\/div><div class=\"fusion-additional-widget-content\"><\/div><\/div><\/div><\/div><\/div><\/div><\/p>\n","protected":false},"excerpt":{"rendered":"","protected":false},"author":1,"featured_media":0,"parent":0,"menu_order":0,"comment_status":"closed","ping_status":"closed","template":"100-width.php","meta":[],"_links":{"self":[{"href":"https:\/\/www.cercle-credo.com\/en\/wp-json\/wp\/v2\/pages\/4447"}],"collection":[{"href":"https:\/\/www.cercle-credo.com\/en\/wp-json\/wp\/v2\/pages"}],"about":[{"href":"https:\/\/www.cercle-credo.com\/en\/wp-json\/wp\/v2\/types\/page"}],"author":[{"embeddable":true,"href":"https:\/\/www.cercle-credo.com\/en\/wp-json\/wp\/v2\/users\/1"}],"replies":[{"embeddable":true,"href":"https:\/\/www.cercle-credo.com\/en\/wp-json\/wp\/v2\/comments?post=4447"}],"version-history":[{"count":14,"href":"https:\/\/www.cercle-credo.com\/en\/wp-json\/wp\/v2\/pages\/4447\/revisions"}],"predecessor-version":[{"id":4777,"href":"https:\/\/www.cercle-credo.com\/en\/wp-json\/wp\/v2\/pages\/4447\/revisions\/4777"}],"wp:attachment":[{"href":"https:\/\/www.cercle-credo.com\/en\/wp-json\/wp\/v2\/media?parent=4447"}],"curies":[{"name":"wp","href":"https:\/\/api.w.org\/{rel}","templated":true}]}}