{"id":4429,"date":"2021-07-01T14:09:32","date_gmt":"2021-07-01T12:09:32","guid":{"rendered":"https:\/\/www.cercle-credo.com\/news\/"},"modified":"2022-04-07T11:06:08","modified_gmt":"2022-04-07T09:06:08","slug":"news","status":"publish","type":"page","link":"https:\/\/www.cercle-credo.com\/en\/news\/","title":{"rendered":"News"},"content":{"rendered":"<p><div class=\"fusion-fullwidth fullwidth-box fusion-builder-row-1 fusion-flex-container nonhundred-percent-fullwidth non-hundred-percent-height-scrolling\" style=\"--awb-border-radius-top-left:0px;--awb-border-radius-top-right:0px;--awb-border-radius-bottom-right:0px;--awb-border-radius-bottom-left:0px;--awb-padding-top:50px;--awb-padding-bottom:50px;\" ><div class=\"fusion-builder-row fusion-row fusion-flex-align-items-flex-start\" style=\"max-width:1216.8px;margin-left: calc(-4% \/ 2 );margin-right: calc(-4% \/ 2 );\"><div class=\"fusion-layout-column fusion_builder_column fusion-builder-column-0 fusion_builder_column_1_1 1_1 fusion-flex-column\" style=\"--awb-padding-right:140px;--awb-padding-left:140px;--awb-padding-right-medium:120px;--awb-padding-bottom-medium:60px;--awb-padding-left-medium:120px;--awb-padding-right-small:0px;--awb-padding-left-small:0px;--awb-bg-size:cover;--awb-width-large:100%;--awb-margin-top-large:0px;--awb-spacing-right-large:1.92%;--awb-margin-bottom-large:20px;--awb-spacing-left-large:1.92%;--awb-width-medium:100%;--awb-order-medium:0;--awb-spacing-right-medium:1.92%;--awb-spacing-left-medium:1.92%;--awb-width-small:100%;--awb-order-small:0;--awb-spacing-right-small:1.92%;--awb-spacing-left-small:1.92%;\"><div class=\"fusion-column-wrapper fusion-column-has-shadow fusion-flex-justify-content-flex-start fusion-content-layout-column\"><div class=\"fusion-text fusion-text-1\" style=\"--awb-content-alignment:center;--awb-font-size:30px;--awb-text-color:#004188;\"><p style=\"color: #000000;\">NEWS OF CREDO<\/p>\n<\/div><div class=\"fusion-title title fusion-title-1 fusion-no-small-visibility fusion-sep-none fusion-title-center fusion-title-rotating fusion-loop-off fusion-title-clipIn fusion-title-size-three\" style=\"--awb-text-color:#7da7da;--awb-margin-top:-10px;--awb-font-size:25px;\"><h3 class=\"title-heading-center fusion-responsive-typography-calculated\" style=\"margin:0;font-size:1em;--fontSize:25;--minFontSize:25;line-height:1.5;\"><span class=\"fusion-animated-text-prefix\"><\/span> <span class=\"fusion-animated-texts-wrapper\" style=\"text-align: center;\" data-length=\"line\" data-minDisplayTime=\"1200\"><span class=\"fusion-animated-texts\"><span data-in-effect=\"clipIn\" class=\"fusion-animated-text\" data-in-sequence=\"true\" data-out-reverse=\"true\" data-out-effect=\"clipOut\">AND ECOSYSTEM #FIBER #VERYHIGHSPEED<\/span><\/span><\/span> <span class=\"fusion-animated-text-postfix\"><\/span><\/h3><\/div><div class=\"fusion-title title fusion-title-2 fusion-no-medium-visibility fusion-no-large-visibility fusion-title-center fusion-title-text fusion-title-size-three\" style=\"--awb-text-color:#7da7da;--awb-margin-top:-10px;--awb-font-size:25px;\"><div class=\"title-sep-container title-sep-container-left\"><div class=\"title-sep sep- sep-solid\" style=\"border-color:#e0dede;\"><\/div><\/div><span class=\"awb-title-spacer\"><\/span><h3 class=\"title-heading-center fusion-responsive-typography-calculated\" style=\"margin:0;font-size:1em;letter-spacing:-1px;--fontSize:25;--minFontSize:25;line-height:1.5;\"><p style=\"text-align: center;\">AND ECOSYSTEM #FIBER #VERYHIGHSPEED<\/p><\/h3><span class=\"awb-title-spacer\"><\/span><div class=\"title-sep-container title-sep-container-right\"><div class=\"title-sep sep- sep-solid\" style=\"border-color:#e0dede;\"><\/div><\/div><\/div><div class=\"fusion-text fusion-text-2\" style=\"--awb-content-alignment:center;--awb-font-size:18px;--awb-text-color:#5b636c;\"><p>News from the association, our members and partners.<\/p>\n<\/div><\/div><\/div><\/div><\/div><div class=\"fusion-fullwidth fullwidth-box fusion-builder-row-2 fusion-flex-container nonhundred-percent-fullwidth non-hundred-percent-height-scrolling\" style=\"--awb-border-radius-top-left:0px;--awb-border-radius-top-right:0px;--awb-border-radius-bottom-right:0px;--awb-border-radius-bottom-left:0px;\" ><div class=\"fusion-builder-row fusion-row fusion-flex-align-items-flex-start\" style=\"max-width:1216.8px;margin-left: calc(-4% \/ 2 );margin-right: calc(-4% \/ 2 );\"><div class=\"fusion-layout-column fusion_builder_column fusion-builder-column-1 fusion_builder_column_3_4 3_4 fusion-flex-column\" style=\"--awb-bg-size:cover;--awb-width-large:75%;--awb-margin-top-large:0px;--awb-spacing-right-large:2.56%;--awb-margin-bottom-large:20px;--awb-spacing-left-large:2.56%;--awb-width-medium:100%;--awb-order-medium:0;--awb-spacing-right-medium:1.92%;--awb-spacing-left-medium:1.92%;--awb-width-small:100%;--awb-order-small:0;--awb-spacing-right-small:1.92%;--awb-spacing-left-small:1.92%;\"><div class=\"fusion-column-wrapper fusion-column-has-shadow fusion-flex-justify-content-flex-start fusion-content-layout-column\"><div class=\"fusion-blog-shortcode fusion-blog-shortcode-1 fusion-blog-archive fusion-blog-layout-medium fusion-blog-pagination\"><div class=\"fusion-posts-container fusion-posts-container-pagination fusion-blog-rollover\" data-pages=\"5\"><article id=\"blog-1-post-6769\" class=\"fusion-post-medium post-6769 post type-post status-publish format-standard has-post-thumbnail hentry category-workshops category-news\">\n\t<style type=\"text\/css\">\n\t\t\n\t\t\n\t\t\n\t\t\n\t\t\t<\/style>\n\n\n\t\t\t<div class=\"fusion-flexslider flexslider fusion-flexslider-loading fusion-post-slideshow\" style=\"\">\n\t\t<ul class=\"slides\">\n\t\t\t\n\t\t\t\t\t\t\t\t\t\t\t\t\t\t<li><div  class=\"fusion-image-wrapper fusion-image-size-fixed\" aria-haspopup=\"true\">\n\t\t\t\t<img width=\"320\" height=\"202\" src=\"https:\/\/www.cercle-credo.com\/wp-content\/uploads\/2013\/01\/miniarure-atelier-credo-320x202.jpg\" class=\"attachment-blog-medium size-blog-medium wp-post-image\" alt=\"\" srcset=\"https:\/\/www.cercle-credo.com\/wp-content\/uploads\/2013\/01\/miniarure-atelier-credo-320x202.jpg 320w, https:\/\/www.cercle-credo.com\/wp-content\/uploads\/2013\/01\/miniarure-atelier-credo-700x441.jpg 700w\" sizes=\"(max-width: 320px) 100vw, 320px\" \/><div class=\"fusion-rollover\">\n\t<div class=\"fusion-rollover-content\">\n\n\t\t\t\t\t\t\t\t\t\t\t\t\t\t<a class=\"fusion-rollover-link\" href=\"https:\/\/www.cercle-credo.com\/en\/workshop-july-6-2023\/\">Workshop July 6, 2023<\/a>\n\t\t\t\n\t\t\t\t\t\t\t\t\n\t\t\n\t\t\t\t\t\t\t\t\n\t\t\t\t\t\t\t\t\n\t\t\n\t\t\t\t\t\t<a class=\"fusion-link-wrapper\" href=\"https:\/\/www.cercle-credo.com\/en\/workshop-july-6-2023\/\" aria-label=\"Workshop July 6, 2023\"><\/a>\n\t<\/div>\n<\/div>\n<\/div>\n<\/li>\n\t\t\t\n\t\t\t\n\t\t\t\t\t\t\t\t\t\t\t\t\t\t\t\t\t\t\t\t\t\t\t\t\t\t\t\t\t\t\t\t\t\t\t\t\t\t\t\t\t\t\t\t\t\t\t\t\t\t\t\t\t\t\t\t\t\t\t\t\t\t\t\t\t\t\t\t<\/ul>\n\t<\/div>\n\t<div class=\"fusion-post-content post-content\"><h2 class=\"blog-shortcode-post-title entry-title\"><a href=\"https:\/\/www.cercle-credo.com\/en\/workshop-july-6-2023\/\">Workshop July 6, 2023<\/a><\/h2><div class=\"fusion-post-content-container\"><p>      Thursday, July 6, 2023 9:00 a.m. \u2013 12:30 p.m.   09h00 \u2013 10h : Vie du Cercle 10h00 \u2013 10h15 : Pause 10h15 \u2013 12h00 : Pr\u00e9sentations &amp; d\u00e9bats Pr\u00e9sentation des travaux de l\u2019ETSI (Topo Consulting)    DOWNLOADS    [...]<\/p><\/div><\/div><div class=\"fusion-clearfix\"><\/div><div class=\"fusion-meta-info\"><div class=\"fusion-alignleft\"><span class=\"vcard\" style=\"display: none;\"><span class=\"fn\"><a href=\"https:\/\/www.cercle-credo.com\/en\/author\/philippinedemars\/\" title=\"Posts by Philippine DEMARS\" rel=\"author\">Philippine DEMARS<\/a><\/span><\/span><span class=\"updated\" style=\"display:none;\">2023-06-12T14:14:36+02:00<\/span><span>07 September 2023<\/span><span class=\"fusion-inline-sep\">|<\/span><a href=\"https:\/\/www.cercle-credo.com\/en\/category\/events\/workshops\/\" rel=\"category tag\">Workshops<\/a>, <a href=\"https:\/\/www.cercle-credo.com\/en\/category\/events\/workshops\/\" rel=\"category tag\">Workshops<\/a>, <a href=\"https:\/\/www.cercle-credo.com\/en\/category\/events\/workshops\/\" rel=\"category tag\">Workshops<\/a>, <a href=\"https:\/\/www.cercle-credo.com\/en\/category\/news\/\" rel=\"category tag\">News<\/a>, <a href=\"https:\/\/www.cercle-credo.com\/en\/category\/events\/workshops\/\" rel=\"category tag\">Workshops<\/a><span class=\"fusion-inline-sep\">|<\/span><\/div><div class=\"fusion-alignright\"><a class=\"fusion-read-more\" href=\"https:\/\/www.cercle-credo.com\/en\/workshop-july-6-2023\/\" aria-label=\"More on Workshop July 6, 2023\">Read More<\/a><\/div><\/div><\/article>\n<article id=\"blog-1-post-6777\" class=\"fusion-post-medium post-6777 post type-post status-publish format-standard has-post-thumbnail hentry category-news category-workshops\">\n\t<style type=\"text\/css\">\n\t\t\n\t\t\n\t\t\n\t\t\n\t\t\t<\/style>\n\n\n\t\t\t<div class=\"fusion-flexslider flexslider fusion-flexslider-loading fusion-post-slideshow\" style=\"\">\n\t\t<ul class=\"slides\">\n\t\t\t\n\t\t\t\t\t\t\t\t\t\t\t\t\t\t<li><div  class=\"fusion-image-wrapper fusion-image-size-fixed\" aria-haspopup=\"true\">\n\t\t\t\t<img width=\"320\" height=\"202\" src=\"https:\/\/www.cercle-credo.com\/wp-content\/uploads\/2013\/01\/miniarure-atelier-credo-320x202.jpg\" class=\"attachment-blog-medium size-blog-medium wp-post-image\" alt=\"\" srcset=\"https:\/\/www.cercle-credo.com\/wp-content\/uploads\/2013\/01\/miniarure-atelier-credo-320x202.jpg 320w, https:\/\/www.cercle-credo.com\/wp-content\/uploads\/2013\/01\/miniarure-atelier-credo-700x441.jpg 700w\" sizes=\"(max-width: 320px) 100vw, 320px\" \/><div class=\"fusion-rollover\">\n\t<div class=\"fusion-rollover-content\">\n\n\t\t\t\t\t\t\t\t\t\t\t\t\t\t<a class=\"fusion-rollover-link\" href=\"https:\/\/www.cercle-credo.com\/en\/workshop-july-1st-2023\/\">Workshop July 1st, 2023<\/a>\n\t\t\t\n\t\t\t\t\t\t\t\t\n\t\t\n\t\t\t\t\t\t\t\t\n\t\t\t\t\t\t\t\t\n\t\t\n\t\t\t\t\t\t<a class=\"fusion-link-wrapper\" href=\"https:\/\/www.cercle-credo.com\/en\/workshop-july-1st-2023\/\" aria-label=\"Workshop July 1st, 2023\"><\/a>\n\t<\/div>\n<\/div>\n<\/div>\n<\/li>\n\t\t\t\n\t\t\t\n\t\t\t\t\t\t\t\t\t\t\t\t\t\t\t\t\t\t\t\t\t\t\t\t\t\t\t\t\t\t\t\t\t\t\t\t\t\t\t\t\t\t\t\t\t\t\t\t\t\t\t\t\t\t\t\t\t\t\t\t\t\t\t\t\t\t\t\t<\/ul>\n\t<\/div>\n\t<div class=\"fusion-post-content post-content\"><h2 class=\"blog-shortcode-post-title entry-title\"><a href=\"https:\/\/www.cercle-credo.com\/en\/workshop-july-1st-2023\/\">Workshop July 1st, 2023<\/a><\/h2><div class=\"fusion-post-content-container\"><p>      Thursday, \u00adMarch 1st, 2023 9:00 a.m. \u2013 12:30 p.m.   09:00 - 10:15 AM : CREDO news 10:00 a.m. - 10:15 a.m.: Break 10:15 a.m. - 12:00 p.m.: Presentations &amp; debates Messieurs Brillouin, Raman et Rayleigh sur le terrain : applications de la [...]<\/p><\/div><\/div><div class=\"fusion-clearfix\"><\/div><div class=\"fusion-meta-info\"><div class=\"fusion-alignleft\"><span class=\"vcard\" style=\"display: none;\"><span class=\"fn\"><a href=\"https:\/\/www.cercle-credo.com\/en\/author\/admincredo\/\" title=\"Posts by adminCREDO\" rel=\"author\">adminCREDO<\/a><\/span><\/span><span class=\"updated\" style=\"display:none;\">2023-06-12T14:16:04+02:00<\/span><span>01 June 2023<\/span><span class=\"fusion-inline-sep\">|<\/span><a href=\"https:\/\/www.cercle-credo.com\/en\/category\/news\/\" rel=\"category tag\">News<\/a>, <a href=\"https:\/\/www.cercle-credo.com\/en\/category\/events\/workshops\/\" rel=\"category tag\">Workshops<\/a><span class=\"fusion-inline-sep\">|<\/span><\/div><div class=\"fusion-alignright\"><a class=\"fusion-read-more\" href=\"https:\/\/www.cercle-credo.com\/en\/workshop-july-1st-2023\/\" aria-label=\"More on Workshop July 1st, 2023\">Read More<\/a><\/div><\/div><\/article>\n<article id=\"blog-1-post-5793\" class=\"fusion-post-medium post-5793 post type-post status-publish format-standard has-post-thumbnail hentry category-news category-publications-en\">\n\t<style type=\"text\/css\">\n\t\t\n\t\t\n\t\t\n\t\t\n\t\t\t<\/style>\n\n\n\t\t\t<div class=\"fusion-flexslider flexslider fusion-flexslider-loading fusion-post-slideshow\" style=\"\">\n\t\t<ul class=\"slides\">\n\t\t\t\n\t\t\t\t\t\t\t\t\t\t\t\t\t\t<li><div  class=\"fusion-image-wrapper fusion-image-size-fixed\" aria-haspopup=\"true\">\n\t\t\t\t<img width=\"320\" height=\"202\" src=\"https:\/\/www.cercle-credo.com\/wp-content\/uploads\/2022\/12\/miniature_dossier_technique_ftth_pon-320x202.png\" class=\"attachment-blog-medium size-blog-medium wp-post-image\" alt=\"\" srcset=\"https:\/\/www.cercle-credo.com\/wp-content\/uploads\/2022\/12\/miniature_dossier_technique_ftth_pon-320x202.png 320w, https:\/\/www.cercle-credo.com\/wp-content\/uploads\/2022\/12\/miniature_dossier_technique_ftth_pon-700x441.png 700w\" sizes=\"(max-width: 320px) 100vw, 320px\" \/><div class=\"fusion-rollover\">\n\t<div class=\"fusion-rollover-content\">\n\n\t\t\t\t\t\t\t\t\t\t\t\t\t\t<a class=\"fusion-rollover-link\" href=\"https:\/\/www.cercle-credo.com\/en\/xgs-pon-whitepaper\/\">XGS-PON Whitepaper<\/a>\n\t\t\t\n\t\t\t\t\t\t\t\t\n\t\t\n\t\t\t\t\t\t\t\t\n\t\t\t\t\t\t\t\t\n\t\t\n\t\t\t\t\t\t<a class=\"fusion-link-wrapper\" href=\"https:\/\/www.cercle-credo.com\/en\/xgs-pon-whitepaper\/\" aria-label=\"XGS-PON Whitepaper\"><\/a>\n\t<\/div>\n<\/div>\n<\/div>\n<\/li>\n\t\t\t\n\t\t\t\n\t\t\t\t\t\t\t\t\t\t\t\t\t\t\t\t\t\t\t\t\t\t\t\t\t\t\t\t\t\t\t\t\t\t\t\t\t\t\t\t\t\t\t\t\t\t\t\t\t\t\t\t\t\t\t\t\t\t\t\t\t\t\t\t\t\t\t\t<\/ul>\n\t<\/div>\n\t<div class=\"fusion-post-content post-content\"><h2 class=\"blog-shortcode-post-title entry-title\"><a href=\"https:\/\/www.cercle-credo.com\/en\/xgs-pon-whitepaper\/\">XGS-PON Whitepaper<\/a><\/h2><div class=\"fusion-post-content-container\"><p>Meeting the challenge of moving to the next generation of PON networks Evolutions, extensions, diversions are an integral part of the life of the network. Technological evolutions, which allow the increase of flows are also to be taken into consideration in the reflections of the life of the network, its [...]<\/p><\/div><\/div><div class=\"fusion-clearfix\"><\/div><div class=\"fusion-meta-info\"><div class=\"fusion-alignleft\"><span class=\"vcard\" style=\"display: none;\"><span class=\"fn\"><a href=\"https:\/\/www.cercle-credo.com\/en\/author\/admincredo\/\" title=\"Posts by adminCREDO\" rel=\"author\">adminCREDO<\/a><\/span><\/span><span class=\"updated\" style=\"display:none;\">2022-12-07T09:33:32+01:00<\/span><span>04 May 2023<\/span><span class=\"fusion-inline-sep\">|<\/span><a href=\"https:\/\/www.cercle-credo.com\/en\/category\/news\/\" rel=\"category tag\">News<\/a>, <a href=\"https:\/\/www.cercle-credo.com\/en\/category\/publications-en\/\" rel=\"category tag\">Publications<\/a><span class=\"fusion-inline-sep\">|<\/span><\/div><div class=\"fusion-alignright\"><a class=\"fusion-read-more\" href=\"https:\/\/www.cercle-credo.com\/en\/xgs-pon-whitepaper\/\" aria-label=\"More on XGS-PON Whitepaper\">Read More<\/a><\/div><\/div><\/article>\n<article id=\"blog-1-post-6213\" class=\"fusion-post-medium post-6213 post type-post status-publish format-standard has-post-thumbnail hentry category-news category-workshops\">\n\t<style type=\"text\/css\">\n\t\t\n\t\t\n\t\t\n\t\t\n\t\t\t<\/style>\n\n\n\t\t\t<div class=\"fusion-flexslider flexslider fusion-flexslider-loading fusion-post-slideshow\" style=\"\">\n\t\t<ul class=\"slides\">\n\t\t\t\n\t\t\t\t\t\t\t\t\t\t\t\t\t\t<li><div  class=\"fusion-image-wrapper fusion-image-size-fixed\" aria-haspopup=\"true\">\n\t\t\t\t<img width=\"320\" height=\"202\" src=\"https:\/\/www.cercle-credo.com\/wp-content\/uploads\/2013\/01\/miniarure-atelier-credo-320x202.jpg\" class=\"attachment-blog-medium size-blog-medium wp-post-image\" alt=\"\" srcset=\"https:\/\/www.cercle-credo.com\/wp-content\/uploads\/2013\/01\/miniarure-atelier-credo-320x202.jpg 320w, https:\/\/www.cercle-credo.com\/wp-content\/uploads\/2013\/01\/miniarure-atelier-credo-700x441.jpg 700w\" sizes=\"(max-width: 320px) 100vw, 320px\" \/><div class=\"fusion-rollover\">\n\t<div class=\"fusion-rollover-content\">\n\n\t\t\t\t\t\t\t\t\t\t\t\t\t\t<a class=\"fusion-rollover-link\" href=\"https:\/\/www.cercle-credo.com\/en\/april-13-2023-workshop\/\">April 13, 2023 workshop<\/a>\n\t\t\t\n\t\t\t\t\t\t\t\t\n\t\t\n\t\t\t\t\t\t\t\t\n\t\t\t\t\t\t\t\t\n\t\t\n\t\t\t\t\t\t<a class=\"fusion-link-wrapper\" href=\"https:\/\/www.cercle-credo.com\/en\/april-13-2023-workshop\/\" aria-label=\"April 13, 2023 workshop\"><\/a>\n\t<\/div>\n<\/div>\n<\/div>\n<\/li>\n\t\t\t\n\t\t\t\n\t\t\t\t\t\t\t\t\t\t\t\t\t\t\t\t\t\t\t\t\t\t\t\t\t\t\t\t\t\t\t\t\t\t\t\t\t\t\t\t\t\t\t\t\t\t\t\t\t\t\t\t\t\t\t\t\t\t\t\t\t\t\t\t\t\t\t\t<\/ul>\n\t<\/div>\n\t<div class=\"fusion-post-content post-content\"><h2 class=\"blog-shortcode-post-title entry-title\"><a href=\"https:\/\/www.cercle-credo.com\/en\/april-13-2023-workshop\/\">April 13, 2023 workshop<\/a><\/h2><div class=\"fusion-post-content-container\"><p>      Thursday, April 13, 2023, Remote (Webex) 9:00 a.m. \u2013 12:30 p.m.   09:00 - 10:15 AM : CREDO news 10:00 a.m. - 10:15 a.m.: Break 10:15 a.m. - 12:00 p.m.: Presentations &amp; debates Life Cycle Analysis\/Product Environmental Profile (Acome) Fiber monitoring: reduce your [...]<\/p><\/div><\/div><div class=\"fusion-clearfix\"><\/div><div class=\"fusion-meta-info\"><div class=\"fusion-alignleft\"><span class=\"vcard\" style=\"display: none;\"><span class=\"fn\"><a href=\"https:\/\/www.cercle-credo.com\/en\/author\/philippinedemars\/\" title=\"Posts by Philippine DEMARS\" rel=\"author\">Philippine DEMARS<\/a><\/span><\/span><span class=\"updated\" style=\"display:none;\">2023-03-30T11:57:06+02:00<\/span><span>13 April 2023<\/span><span class=\"fusion-inline-sep\">|<\/span><a href=\"https:\/\/www.cercle-credo.com\/en\/category\/news\/\" rel=\"category tag\">News<\/a>, <a href=\"https:\/\/www.cercle-credo.com\/en\/category\/news\/\" rel=\"category tag\">News<\/a>, <a href=\"https:\/\/www.cercle-credo.com\/en\/category\/news\/\" rel=\"category tag\">News<\/a>, <a href=\"https:\/\/www.cercle-credo.com\/en\/category\/news\/\" rel=\"category tag\">News<\/a>, <a href=\"https:\/\/www.cercle-credo.com\/en\/category\/news\/\" rel=\"category tag\">News<\/a>, <a href=\"https:\/\/www.cercle-credo.com\/en\/category\/news\/\" rel=\"category tag\">News<\/a>, <a href=\"https:\/\/www.cercle-credo.com\/en\/category\/events\/workshops\/\" rel=\"category tag\">Workshops<\/a><span class=\"fusion-inline-sep\">|<\/span><\/div><div class=\"fusion-alignright\"><a class=\"fusion-read-more\" href=\"https:\/\/www.cercle-credo.com\/en\/april-13-2023-workshop\/\" aria-label=\"More on April 13, 2023 workshop\">Read More<\/a><\/div><\/div><\/article>\n<article id=\"blog-1-post-5800\" class=\"fusion-post-medium post-5800 post type-post status-publish format-standard has-post-thumbnail hentry category-events category-news\">\n\t<style type=\"text\/css\">\n\t\t\n\t\t\n\t\t\n\t\t\n\t\t\t<\/style>\n\n\n\t\t\t<div class=\"fusion-flexslider flexslider fusion-flexslider-loading fusion-post-slideshow\" style=\"\">\n\t\t<ul class=\"slides\">\n\t\t\t\n\t\t\t\t\t\t\t\t\t\t\t\t\t\t<li><div  class=\"fusion-image-wrapper fusion-image-size-fixed\" aria-haspopup=\"true\">\n\t\t\t\t<img width=\"320\" height=\"202\" src=\"https:\/\/www.cercle-credo.com\/wp-content\/uploads\/2023\/01\/JDF_Miniature_site-320x202.jpg\" class=\"attachment-blog-medium size-blog-medium wp-post-image\" alt=\"\" srcset=\"https:\/\/www.cercle-credo.com\/wp-content\/uploads\/2023\/01\/JDF_Miniature_site-320x202.jpg 320w, https:\/\/www.cercle-credo.com\/wp-content\/uploads\/2023\/01\/JDF_Miniature_site-700x441.jpg 700w\" sizes=\"(max-width: 320px) 100vw, 320px\" \/><div class=\"fusion-rollover\">\n\t<div class=\"fusion-rollover-content\">\n\n\t\t\t\t\t\t\t\t\t\t\t\t\t\t<a class=\"fusion-rollover-link\" href=\"https:\/\/www.cercle-credo.com\/en\/fiber-thursday-fibre-optics-what-impact-on-the-environment\/\">Fiber Thursday: &#8220;Fibre optics: what impact on the environment?&#8221;<\/a>\n\t\t\t\n\t\t\t\t\t\t\t\t\n\t\t\n\t\t\t\t\t\t\t\t\n\t\t\t\t\t\t\t\t\n\t\t\n\t\t\t\t\t\t<a class=\"fusion-link-wrapper\" href=\"https:\/\/www.cercle-credo.com\/en\/fiber-thursday-fibre-optics-what-impact-on-the-environment\/\" aria-label=\"Fiber Thursday: &#8220;Fibre optics: what impact on the environment?&#8221;\"><\/a>\n\t<\/div>\n<\/div>\n<\/div>\n<\/li>\n\t\t\t\n\t\t\t\n\t\t\t\t\t\t\t\t\t\t\t\t\t\t\t\t\t\t\t\t\t\t\t\t\t\t\t\t\t\t\t\t\t\t\t\t\t\t\t\t\t\t\t\t\t\t\t\t\t\t\t\t\t\t\t\t\t\t\t\t\t\t\t\t\t\t\t\t<\/ul>\n\t<\/div>\n\t<div class=\"fusion-post-content post-content\"><h2 class=\"blog-shortcode-post-title entry-title\"><a href=\"https:\/\/www.cercle-credo.com\/en\/fiber-thursday-fibre-optics-what-impact-on-the-environment\/\">Fiber Thursday: &#8220;Fibre optics: what impact on the environment?&#8221;<\/a><\/h2><div class=\"fusion-post-content-container\"><p>Optical fiber is deployed at high speed. Its generalization will allow an increase in speeds and the development of new applications, including those based on Virtual Reality. What will be the impact on the environment? This is a complex subject that raises many questions. CREDO Circle invites you to take stock of this issue with experts in the field.<\/p><\/div><\/div><div class=\"fusion-clearfix\"><\/div><div class=\"fusion-meta-info\"><div class=\"fusion-alignleft\"><span class=\"vcard\" style=\"display: none;\"><span class=\"fn\"><a href=\"https:\/\/www.cercle-credo.com\/en\/author\/philippinedemars\/\" title=\"Posts by Philippine DEMARS\" rel=\"author\">Philippine DEMARS<\/a><\/span><\/span><span class=\"updated\" style=\"display:none;\">2023-03-14T17:16:31+01:00<\/span><span>06 April 2023<\/span><span class=\"fusion-inline-sep\">|<\/span><a href=\"https:\/\/www.cercle-credo.com\/en\/category\/events\/\" rel=\"category tag\">Events<\/a>, <a href=\"https:\/\/www.cercle-credo.com\/en\/category\/news\/\" rel=\"category tag\">News<\/a><span class=\"fusion-inline-sep\">|<\/span><\/div><div class=\"fusion-alignright\"><a class=\"fusion-read-more\" href=\"https:\/\/www.cercle-credo.com\/en\/fiber-thursday-fibre-optics-what-impact-on-the-environment\/\" aria-label=\"More on Fiber Thursday: &#8220;Fibre optics: what impact on the environment?&#8221;\">Read More<\/a><\/div><\/div><\/article>\n<article id=\"blog-1-post-6191\" class=\"fusion-post-medium post-6191 post type-post status-publish format-standard has-post-thumbnail hentry category-news\">\n\t<style type=\"text\/css\">\n\t\t\n\t\t\n\t\t\n\t\t\n\t\t\t<\/style>\n\n\n\t\t\t<div class=\"fusion-flexslider flexslider fusion-flexslider-loading fusion-post-slideshow\" style=\"\">\n\t\t<ul class=\"slides\">\n\t\t\t\n\t\t\t\t\t\t\t\t\t\t\t\t\t\t<li><div  class=\"fusion-image-wrapper fusion-image-size-fixed\" aria-haspopup=\"true\">\n\t\t\t\t<img width=\"320\" height=\"202\" src=\"https:\/\/www.cercle-credo.com\/wp-content\/uploads\/2023\/03\/4_pages-320x202.jpg\" class=\"attachment-blog-medium size-blog-medium wp-post-image\" alt=\"\" srcset=\"https:\/\/www.cercle-credo.com\/wp-content\/uploads\/2023\/03\/4_pages-320x202.jpg 320w, https:\/\/www.cercle-credo.com\/wp-content\/uploads\/2023\/03\/4_pages-700x441.jpg 700w\" sizes=\"(max-width: 320px) 100vw, 320px\" \/><div class=\"fusion-rollover\">\n\t<div class=\"fusion-rollover-content\">\n\n\t\t\t\t\t\t\t\t\t\t\t\t\t\t<a class=\"fusion-rollover-link\" href=\"https:\/\/www.cercle-credo.com\/en\/discover-the-4-page-credo-brochure\/\">Discover the 4-page CREDO brochure!<\/a>\n\t\t\t\n\t\t\t\t\t\t\t\t\n\t\t\n\t\t\t\t\t\t\t\t\n\t\t\t\t\t\t\t\t\n\t\t\n\t\t\t\t\t\t<a class=\"fusion-link-wrapper\" href=\"https:\/\/www.cercle-credo.com\/en\/discover-the-4-page-credo-brochure\/\" aria-label=\"Discover the 4-page CREDO brochure!\"><\/a>\n\t<\/div>\n<\/div>\n<\/div>\n<\/li>\n\t\t\t\n\t\t\t\n\t\t\t\t\t\t\t\t\t\t\t\t\t\t\t\t\t\t\t\t\t\t\t\t\t\t\t\t\t\t\t\t\t\t\t\t\t\t\t\t\t\t\t\t\t\t\t\t\t\t\t\t\t\t\t\t\t\t\t\t\t\t\t\t\t\t\t\t<\/ul>\n\t<\/div>\n\t<div class=\"fusion-post-content post-content\"><h2 class=\"blog-shortcode-post-title entry-title\"><a href=\"https:\/\/www.cercle-credo.com\/en\/discover-the-4-page-credo-brochure\/\">Discover the 4-page CREDO brochure!<\/a><\/h2><div class=\"fusion-post-content-container\"><p>Discover the brochure by clicking here &gt;<\/p><\/div><\/div><div class=\"fusion-clearfix\"><\/div><div class=\"fusion-meta-info\"><div class=\"fusion-alignleft\"><span class=\"vcard\" style=\"display: none;\"><span class=\"fn\"><a href=\"https:\/\/www.cercle-credo.com\/en\/author\/philippinedemars\/\" title=\"Posts by Philippine DEMARS\" rel=\"author\">Philippine DEMARS<\/a><\/span><\/span><span class=\"updated\" style=\"display:none;\">2023-03-27T16:57:26+02:00<\/span><span>27 March 2023<\/span><span class=\"fusion-inline-sep\">|<\/span><a href=\"https:\/\/www.cercle-credo.com\/en\/category\/news\/\" rel=\"category tag\">News<\/a><span class=\"fusion-inline-sep\">|<\/span><\/div><div class=\"fusion-alignright\"><a class=\"fusion-read-more\" href=\"https:\/\/www.cercle-credo.com\/en\/discover-the-4-page-credo-brochure\/\" aria-label=\"More on Discover the 4-page CREDO brochure!\">Read More<\/a><\/div><\/div><\/article>\n<article id=\"blog-1-post-6221\" class=\"fusion-post-medium post-6221 post type-post status-publish format-standard has-post-thumbnail hentry category-news category-press\">\n\t<style type=\"text\/css\">\n\t\t\n\t\t\n\t\t\n\t\t\n\t\t\t<\/style>\n\n\n\t\t\t<div class=\"fusion-flexslider flexslider fusion-flexslider-loading fusion-post-slideshow\" style=\"\">\n\t\t<ul class=\"slides\">\n\t\t\t\n\t\t\t\t\t\t\t\t\t\t\t\t\t\t<li><div  class=\"fusion-image-wrapper fusion-image-size-fixed\" aria-haspopup=\"true\">\n\t\t\t\t<img width=\"320\" height=\"202\" src=\"https:\/\/www.cercle-credo.com\/wp-content\/uploads\/2023\/03\/Logo_Label-AQPF_72dpi-320x202.png\" class=\"attachment-blog-medium size-blog-medium wp-post-image\" alt=\"\" srcset=\"https:\/\/www.cercle-credo.com\/wp-content\/uploads\/2023\/03\/Logo_Label-AQPF_72dpi-320x202.png 320w, https:\/\/www.cercle-credo.com\/wp-content\/uploads\/2023\/03\/Logo_Label-AQPF_72dpi-700x441.png 700w\" sizes=\"(max-width: 320px) 100vw, 320px\" \/><div class=\"fusion-rollover\">\n\t<div class=\"fusion-rollover-content\">\n\n\t\t\t\t\t\t\t\t\t\t\t\t\t\t<a class=\"fusion-rollover-link\" href=\"https:\/\/www.cercle-credo.com\/en\/aqpf-label-press-release\/\">AQPF Label Press Release<\/a>\n\t\t\t\n\t\t\t\t\t\t\t\t\n\t\t\n\t\t\t\t\t\t\t\t\n\t\t\t\t\t\t\t\t\n\t\t\n\t\t\t\t\t\t<a class=\"fusion-link-wrapper\" href=\"https:\/\/www.cercle-credo.com\/en\/aqpf-label-press-release\/\" aria-label=\"AQPF Label Press Release\"><\/a>\n\t<\/div>\n<\/div>\n<\/div>\n<\/li>\n\t\t\t\n\t\t\t\n\t\t\t\t\t\t\t\t\t\t\t\t\t\t\t\t\t\t\t\t\t\t\t\t\t\t\t\t\t\t\t\t\t\t\t\t\t\t\t\t\t\t\t\t\t\t\t\t\t\t\t\t\t\t\t\t\t\t\t\t\t\t\t\t\t\t\t\t<\/ul>\n\t<\/div>\n\t<div class=\"fusion-post-content post-content\"><h2 class=\"blog-shortcode-post-title entry-title\"><a href=\"https:\/\/www.cercle-credo.com\/en\/aqpf-label-press-release\/\">AQPF Label Press Release<\/a><\/h2><div class=\"fusion-post-content-container\"><p>1st labeling of companies that audit FTTH network infrastructureunderlined, [At the Construction, Network Life and Maintenance stage] In a process of quality and durability of fiber optic networks,strong, Innovance, CREDO Circle and Avicca announcestrong, the creation of the AQPF label (Audit-Quality-Perennity-Fibre) This Tuesday, March 21, on the occasion of the [...]<\/p><\/div><\/div><div class=\"fusion-clearfix\"><\/div><div class=\"fusion-meta-info\"><div class=\"fusion-alignleft\"><span class=\"vcard\" style=\"display: none;\"><span class=\"fn\"><a href=\"https:\/\/www.cercle-credo.com\/en\/author\/philippinedemars\/\" title=\"Posts by Philippine DEMARS\" rel=\"author\">Philippine DEMARS<\/a><\/span><\/span><span class=\"updated\" style=\"display:none;\">2023-03-30T14:35:09+02:00<\/span><span>23 March 2023<\/span><span class=\"fusion-inline-sep\">|<\/span><a href=\"https:\/\/www.cercle-credo.com\/en\/category\/news\/\" rel=\"category tag\">News<\/a>, <a href=\"https:\/\/www.cercle-credo.com\/en\/category\/press\/\" rel=\"category tag\">Press<\/a>, <a href=\"https:\/\/www.cercle-credo.com\/en\/category\/press\/\" rel=\"category tag\">Press<\/a><span class=\"fusion-inline-sep\">|<\/span><\/div><div class=\"fusion-alignright\"><a class=\"fusion-read-more\" href=\"https:\/\/www.cercle-credo.com\/en\/aqpf-label-press-release\/\" aria-label=\"More on AQPF Label Press Release\">Read More<\/a><\/div><\/div><\/article>\n<article id=\"blog-1-post-6018\" class=\"fusion-post-medium post-6018 post type-post status-publish format-standard has-post-thumbnail hentry category-external category-news\">\n\t<style type=\"text\/css\">\n\t\t\n\t\t\n\t\t\n\t\t\n\t\t\t<\/style>\n\n\n\t\t\t<div class=\"fusion-flexslider flexslider fusion-flexslider-loading fusion-post-slideshow\" style=\"\">\n\t\t<ul class=\"slides\">\n\t\t\t\n\t\t\t\t\t\t\t\t\t\t\t\t\t\t<li><div  class=\"fusion-image-wrapper fusion-image-size-fixed\" aria-haspopup=\"true\">\n\t\t\t\t<img width=\"320\" height=\"202\" src=\"https:\/\/www.cercle-credo.com\/wp-content\/uploads\/2023\/02\/T1-2023-COPRO-Story-Orange__LGC-News-partenaire-320x202.jpg\" class=\"attachment-blog-medium size-blog-medium wp-post-image\" alt=\"\" srcset=\"https:\/\/www.cercle-credo.com\/wp-content\/uploads\/2023\/02\/T1-2023-COPRO-Story-Orange__LGC-News-partenaire-320x202.jpg 320w, https:\/\/www.cercle-credo.com\/wp-content\/uploads\/2023\/02\/T1-2023-COPRO-Story-Orange__LGC-News-partenaire-700x441.jpg 700w\" sizes=\"(max-width: 320px) 100vw, 320px\" \/><div class=\"fusion-rollover\">\n\t<div class=\"fusion-rollover-content\">\n\n\t\t\t\t\t\t\t\t\t\t\t\t\t\t<a class=\"fusion-rollover-link\" href=\"https:\/\/www.cercle-credo.com\/en\/grand-circuit-conference-of-march-17-2023\/\">Grand Circuit Conference of March 17, 2023<\/a>\n\t\t\t\n\t\t\t\t\t\t\t\t\n\t\t\n\t\t\t\t\t\t\t\t\n\t\t\t\t\t\t\t\t\n\t\t\n\t\t\t\t\t\t<a class=\"fusion-link-wrapper\" href=\"https:\/\/www.cercle-credo.com\/en\/grand-circuit-conference-of-march-17-2023\/\" aria-label=\"Grand Circuit Conference of March 17, 2023\"><\/a>\n\t<\/div>\n<\/div>\n<\/div>\n<\/li>\n\t\t\t\n\t\t\t\n\t\t\t\t\t\t\t\t\t\t\t\t\t\t\t\t\t\t\t\t\t\t\t\t\t\t\t\t\t\t\t\t\t\t\t\t\t\t\t\t\t\t\t\t\t\t\t\t\t\t\t\t\t\t\t\t\t\t\t\t\t\t\t\t\t\t\t\t<\/ul>\n\t<\/div>\n\t<div class=\"fusion-post-content post-content\"><h2 class=\"blog-shortcode-post-title entry-title\"><a href=\"https:\/\/www.cercle-credo.com\/en\/grand-circuit-conference-of-march-17-2023\/\">Grand Circuit Conference of March 17, 2023<\/a><\/h2><div class=\"fusion-post-content-container\"><p>Claude Richard from CREDO Circle will speak at the Orange conference: \"100% fiber building: impact on collective and individual services\" to be held in Paris on March 17, 2023 at 2:30 p.m. Objective of the conference: know the consequences of the shutdown of copper (PSTN network) and the development of [...]<\/p><\/div><\/div><div class=\"fusion-clearfix\"><\/div><div class=\"fusion-meta-info\"><div class=\"fusion-alignleft\"><span class=\"vcard\" style=\"display: none;\"><span class=\"fn\"><a href=\"https:\/\/www.cercle-credo.com\/en\/author\/philippinedemars\/\" title=\"Posts by Philippine DEMARS\" rel=\"author\">Philippine DEMARS<\/a><\/span><\/span><span class=\"updated\" style=\"display:none;\">2023-03-14T16:58:48+01:00<\/span><span>17 March 2023<\/span><span class=\"fusion-inline-sep\">|<\/span><a href=\"https:\/\/www.cercle-credo.com\/en\/category\/events\/external\/\" rel=\"category tag\">External<\/a>, <a href=\"https:\/\/www.cercle-credo.com\/en\/category\/news\/\" rel=\"category tag\">News<\/a><span class=\"fusion-inline-sep\">|<\/span><\/div><div class=\"fusion-alignright\"><a class=\"fusion-read-more\" href=\"https:\/\/www.cercle-credo.com\/en\/grand-circuit-conference-of-march-17-2023\/\" aria-label=\"More on Grand Circuit Conference of March 17, 2023\">Read More<\/a><\/div><\/div><\/article>\n<article id=\"blog-1-post-6210\" class=\"fusion-post-medium post-6210 post type-post status-publish format-standard has-post-thumbnail hentry category-external category-news\">\n\t<style type=\"text\/css\">\n\t\t\n\t\t\n\t\t\n\t\t\n\t\t\t<\/style>\n\n\n\t\t\t<div class=\"fusion-flexslider flexslider fusion-flexslider-loading fusion-post-slideshow\" style=\"\">\n\t\t<ul class=\"slides\">\n\t\t\t\n\t\t\t\t\t\t\t\t\t\t\t\t\t\t<li><div  class=\"fusion-image-wrapper fusion-image-size-fixed\" aria-haspopup=\"true\">\n\t\t\t\t<img width=\"288\" height=\"175\" src=\"https:\/\/www.cercle-credo.com\/wp-content\/uploads\/2023\/03\/enedis.jpg\" class=\"attachment-blog-medium size-blog-medium wp-post-image\" alt=\"\" srcset=\"https:\/\/www.cercle-credo.com\/wp-content\/uploads\/2023\/03\/enedis-200x122.jpg 200w, https:\/\/www.cercle-credo.com\/wp-content\/uploads\/2023\/03\/enedis.jpg 288w\" sizes=\"(max-width: 288px) 100vw, 288px\" \/><div class=\"fusion-rollover\">\n\t<div class=\"fusion-rollover-content\">\n\n\t\t\t\t\t\t\t\t\t\t\t\t\t\t<a class=\"fusion-rollover-link\" href=\"https:\/\/www.cercle-credo.com\/en\/presentation-of-the-ftth-demonstrator-at-the-internal-enedis-seminar\/\">Presentation of the FTTH demonstrator at the internal Enedis seminar<\/a>\n\t\t\t\n\t\t\t\t\t\t\t\t\n\t\t\n\t\t\t\t\t\t\t\t\n\t\t\t\t\t\t\t\t\n\t\t\n\t\t\t\t\t\t<a class=\"fusion-link-wrapper\" href=\"https:\/\/www.cercle-credo.com\/en\/presentation-of-the-ftth-demonstrator-at-the-internal-enedis-seminar\/\" aria-label=\"Presentation of the FTTH demonstrator at the internal Enedis seminar\"><\/a>\n\t<\/div>\n<\/div>\n<\/div>\n<\/li>\n\t\t\t\n\t\t\t\n\t\t\t\t\t\t\t\t\t\t\t\t\t\t\t\t\t\t\t\t\t\t\t\t\t\t\t\t\t\t\t\t\t\t\t\t\t\t\t\t\t\t\t\t\t\t\t\t\t\t\t\t\t\t\t\t\t\t\t\t\t\t\t\t\t\t\t\t<\/ul>\n\t<\/div>\n\t<div class=\"fusion-post-content post-content\"><h2 class=\"blog-shortcode-post-title entry-title\"><a href=\"https:\/\/www.cercle-credo.com\/en\/presentation-of-the-ftth-demonstrator-at-the-internal-enedis-seminar\/\">Presentation of the FTTH demonstrator at the internal Enedis seminar<\/a><\/h2><div class=\"fusion-post-content-container\"><p>The event took place on March 10, 2023 at the Palais d'Hiver in the Jardin d'Acclimatation de Paris. On this occasion, around thirty participants from the regional units dealing with the deployment of the THD on common support were able to discuss with Claude Richard and Mireille Bonnin of the [...]<\/p><\/div><\/div><div class=\"fusion-clearfix\"><\/div><div class=\"fusion-meta-info\"><div class=\"fusion-alignleft\"><span class=\"vcard\" style=\"display: none;\"><span class=\"fn\"><a href=\"https:\/\/www.cercle-credo.com\/en\/author\/philippinedemars\/\" title=\"Posts by Philippine DEMARS\" rel=\"author\">Philippine DEMARS<\/a><\/span><\/span><span class=\"updated\" style=\"display:none;\">2023-03-10T14:26:27+01:00<\/span><span>10 March 2023<\/span><span class=\"fusion-inline-sep\">|<\/span><a href=\"https:\/\/www.cercle-credo.com\/en\/category\/events\/external\/\" rel=\"category tag\">External<\/a>, <a href=\"https:\/\/www.cercle-credo.com\/en\/category\/news\/\" rel=\"category tag\">News<\/a><span class=\"fusion-inline-sep\">|<\/span><\/div><div class=\"fusion-alignright\"><a class=\"fusion-read-more\" href=\"https:\/\/www.cercle-credo.com\/en\/presentation-of-the-ftth-demonstrator-at-the-internal-enedis-seminar\/\" aria-label=\"More on Presentation of the FTTH demonstrator at the internal Enedis seminar\">Read More<\/a><\/div><\/div><\/article>\n<article id=\"blog-1-post-6020\" class=\"fusion-post-medium post-6020 post type-post status-publish format-standard has-post-thumbnail hentry category-news\">\n\t<style type=\"text\/css\">\n\t\t\n\t\t\n\t\t\n\t\t\n\t\t\t<\/style>\n\n\n\t\t\t<div class=\"fusion-flexslider flexslider fusion-flexslider-loading fusion-post-slideshow\" style=\"\">\n\t\t<ul class=\"slides\">\n\t\t\t\n\t\t\t\t\t\t\t\t\t\t\t\t\t\t<li><div  class=\"fusion-image-wrapper fusion-image-size-fixed\" aria-haspopup=\"true\">\n\t\t\t\t<img width=\"320\" height=\"202\" src=\"https:\/\/www.cercle-credo.com\/wp-content\/uploads\/2023\/02\/egrip2023_edito-320x202.png\" class=\"attachment-blog-medium size-blog-medium wp-post-image\" alt=\"\" srcset=\"https:\/\/www.cercle-credo.com\/wp-content\/uploads\/2023\/02\/egrip2023_edito-320x202.png 320w, https:\/\/www.cercle-credo.com\/wp-content\/uploads\/2023\/02\/egrip2023_edito-700x441.png 700w\" sizes=\"(max-width: 320px) 100vw, 320px\" \/><div class=\"fusion-rollover\">\n\t<div class=\"fusion-rollover-content\">\n\n\t\t\t\t\t\t\t\t\t\t\t\t\t\t<a class=\"fusion-rollover-link\" href=\"https:\/\/www.cercle-credo.com\/en\/quantity-and-quality-the-two-challenges-of-rip-egrip\/\">Quantity and quality: the two challenges of RIP #EGRIP<\/a>\n\t\t\t\n\t\t\t\t\t\t\t\t\n\t\t\n\t\t\t\t\t\t\t\t\n\t\t\t\t\t\t\t\t\n\t\t\n\t\t\t\t\t\t<a class=\"fusion-link-wrapper\" href=\"https:\/\/www.cercle-credo.com\/en\/quantity-and-quality-the-two-challenges-of-rip-egrip\/\" aria-label=\"Quantity and quality: the two challenges of RIP #EGRIP\"><\/a>\n\t<\/div>\n<\/div>\n<\/div>\n<\/li>\n\t\t\t\n\t\t\t\n\t\t\t\t\t\t\t\t\t\t\t\t\t\t\t\t\t\t\t\t\t\t\t\t\t\t\t\t\t\t\t\t\t\t\t\t\t\t\t\t\t\t\t\t\t\t\t\t\t\t\t\t\t\t\t\t\t\t\t\t\t\t\t\t\t\t\t\t<\/ul>\n\t<\/div>\n\t<div class=\"fusion-post-content post-content\"><h2 class=\"blog-shortcode-post-title entry-title\"><a href=\"https:\/\/www.cercle-credo.com\/en\/quantity-and-quality-the-two-challenges-of-rip-egrip\/\">Quantity and quality: the two challenges of RIP #EGRIP<\/a><\/h2><div class=\"fusion-post-content-container\"><p>Since 2011, the States General of the RIPs have been the back-to-school event for the Very High Speed \u200b\u200b\u200b\u200btribe. From a tool intended for leisure and city enthusiasts, the THD has become an essential tool for everyday life, in the city and in the countryside, for communicating and for telecommuting, in particular. With the success of the France Very High Speed \u200b\u200bPlan, France has taken the lead in full coverage of its territory.<\/p><\/div><\/div><div class=\"fusion-clearfix\"><\/div><div class=\"fusion-meta-info\"><div class=\"fusion-alignleft\"><span class=\"vcard\" style=\"display: none;\"><span class=\"fn\"><a href=\"https:\/\/www.cercle-credo.com\/en\/author\/admincredo\/\" title=\"Posts by adminCREDO\" rel=\"author\">adminCREDO<\/a><\/span><\/span><span class=\"updated\" style=\"display:none;\">2023-02-27T11:42:11+01:00<\/span><span>27 February 2023<\/span><span class=\"fusion-inline-sep\">|<\/span><a href=\"https:\/\/www.cercle-credo.com\/en\/category\/news\/\" rel=\"category tag\">News<\/a><span class=\"fusion-inline-sep\">|<\/span><\/div><div class=\"fusion-alignright\"><a class=\"fusion-read-more\" href=\"https:\/\/www.cercle-credo.com\/en\/quantity-and-quality-the-two-challenges-of-rip-egrip\/\" aria-label=\"More on Quantity and quality: the two challenges of RIP #EGRIP\">Read More<\/a><\/div><\/div><\/article>\n<article id=\"blog-1-post-6263\" class=\"fusion-post-medium post-6263 post type-post status-publish format-standard has-post-thumbnail hentry category-external category-news\">\n\t<style type=\"text\/css\">\n\t\t\n\t\t\n\t\t\n\t\t\n\t\t\t<\/style>\n\n\n\t\t\t<div class=\"fusion-flexslider flexslider fusion-flexslider-loading fusion-post-slideshow\" style=\"\">\n\t\t<ul class=\"slides\">\n\t\t\t\n\t\t\t\t\t\t\t\t\t\t\t\t\t\t<li><div  class=\"fusion-image-wrapper fusion-image-size-fixed\" aria-haspopup=\"true\">\n\t\t\t\t<img width=\"320\" height=\"202\" src=\"https:\/\/www.cercle-credo.com\/wp-content\/uploads\/2022\/12\/Capture-decran-2022-12-21-a-10.48.39-320x202.png\" class=\"attachment-blog-medium size-blog-medium wp-post-image\" alt=\"\" srcset=\"https:\/\/www.cercle-credo.com\/wp-content\/uploads\/2022\/12\/Capture-decran-2022-12-21-a-10.48.39-320x202.png 320w, https:\/\/www.cercle-credo.com\/wp-content\/uploads\/2022\/12\/Capture-decran-2022-12-21-a-10.48.39-700x441.png 700w\" sizes=\"(max-width: 320px) 100vw, 320px\" \/><div class=\"fusion-rollover\">\n\t<div class=\"fusion-rollover-content\">\n\n\t\t\t\t\t\t\t\t\t\t\t\t\t\t<a class=\"fusion-rollover-link\" href=\"https:\/\/www.cercle-credo.com\/en\/photonics-for-telecommunications\/\">Photonics for telecommunications<\/a>\n\t\t\t\n\t\t\t\t\t\t\t\t\n\t\t\n\t\t\t\t\t\t\t\t\n\t\t\t\t\t\t\t\t\n\t\t\n\t\t\t\t\t\t<a class=\"fusion-link-wrapper\" href=\"https:\/\/www.cercle-credo.com\/en\/photonics-for-telecommunications\/\" aria-label=\"Photonics for telecommunications\"><\/a>\n\t<\/div>\n<\/div>\n<\/div>\n<\/li>\n\t\t\t\n\t\t\t\n\t\t\t\t\t\t\t\t\t\t\t\t\t\t\t\t\t\t\t\t\t\t\t\t\t\t\t\t\t\t\t\t\t\t\t\t\t\t\t\t\t\t\t\t\t\t\t\t\t\t\t\t\t\t\t\t\t\t\t\t\t\t\t\t\t\t\t\t<\/ul>\n\t<\/div>\n\t<div class=\"fusion-post-content post-content\"><h2 class=\"blog-shortcode-post-title entry-title\"><a href=\"https:\/\/www.cercle-credo.com\/en\/photonics-for-telecommunications\/\">Photonics for telecommunications<\/a><\/h2><div class=\"fusion-post-content-container\"><p>Photonics France is organizing its next Business Meeting: \u201cPhotonics for telecoms\u201d on March 21, 2023 at T\u00e9l\u00e9com Paris. Registrations are open.<\/p><\/div><\/div><div class=\"fusion-clearfix\"><\/div><div class=\"fusion-meta-info\"><div class=\"fusion-alignleft\"><span class=\"vcard\" style=\"display: none;\"><span class=\"fn\"><a href=\"https:\/\/www.cercle-credo.com\/en\/author\/philippinedemars\/\" title=\"Posts by Philippine DEMARS\" rel=\"author\">Philippine DEMARS<\/a><\/span><\/span><span class=\"updated\" style=\"display:none;\">2023-02-21T11:13:17+01:00<\/span><span>21 February 2023<\/span><span class=\"fusion-inline-sep\">|<\/span><a href=\"https:\/\/www.cercle-credo.com\/en\/category\/events\/external\/\" rel=\"category tag\">External<\/a>, <a href=\"https:\/\/www.cercle-credo.com\/en\/category\/news\/\" rel=\"category tag\">News<\/a><span class=\"fusion-inline-sep\">|<\/span><\/div><div class=\"fusion-alignright\"><a class=\"fusion-read-more\" href=\"https:\/\/www.cercle-credo.com\/en\/photonics-for-telecommunications\/\" aria-label=\"More on Photonics for telecommunications\">Read More<\/a><\/div><\/div><\/article>\n<article id=\"blog-1-post-5935\" class=\"fusion-post-medium post-5935 post type-post status-publish format-standard has-post-thumbnail hentry category-news\">\n\t<style type=\"text\/css\">\n\t\t\n\t\t\n\t\t\n\t\t\n\t\t\t<\/style>\n\n\n\t\t\t<div class=\"fusion-flexslider flexslider fusion-flexslider-loading fusion-post-slideshow\" style=\"\">\n\t\t<ul class=\"slides\">\n\t\t\t\n\t\t\t\t\t\t\t\t\t\t\t\t\t\t<li><div  class=\"fusion-image-wrapper fusion-image-size-fixed\" aria-haspopup=\"true\">\n\t\t\t\t<img width=\"320\" height=\"202\" src=\"https:\/\/www.cercle-credo.com\/wp-content\/uploads\/2023\/02\/4f2f49bb3104905dcfdee2622452-1442697.jpgd_-320x202.jpeg\" class=\"attachment-blog-medium size-blog-medium wp-post-image\" alt=\"\" srcset=\"https:\/\/www.cercle-credo.com\/wp-content\/uploads\/2023\/02\/4f2f49bb3104905dcfdee2622452-1442697.jpgd_-320x202.jpeg 320w, https:\/\/www.cercle-credo.com\/wp-content\/uploads\/2023\/02\/4f2f49bb3104905dcfdee2622452-1442697.jpgd_-700x441.jpeg 700w\" sizes=\"(max-width: 320px) 100vw, 320px\" \/><div class=\"fusion-rollover\">\n\t<div class=\"fusion-rollover-content\">\n\n\t\t\t\t\t\t\t\t\t\t\t\t\t\t<a class=\"fusion-rollover-link\" href=\"https:\/\/www.cercle-credo.com\/en\/ecosystem-meetings-in-march-2023\/\">Ecosystem meetings in March 2023<\/a>\n\t\t\t\n\t\t\t\t\t\t\t\t\n\t\t\n\t\t\t\t\t\t\t\t\n\t\t\t\t\t\t\t\t\n\t\t\n\t\t\t\t\t\t<a class=\"fusion-link-wrapper\" href=\"https:\/\/www.cercle-credo.com\/en\/ecosystem-meetings-in-march-2023\/\" aria-label=\"Ecosystem meetings in March 2023\"><\/a>\n\t<\/div>\n<\/div>\n<\/div>\n<\/li>\n\t\t\t\n\t\t\t\n\t\t\t\t\t\t\t\t\t\t\t\t\t\t\t\t\t\t\t\t\t\t\t\t\t\t\t\t\t\t\t\t\t\t\t\t\t\t\t\t\t\t\t\t\t\t\t\t\t\t\t\t\t\t\t\t\t\t\t\t\t\t\t\t\t\t\t\t<\/ul>\n\t<\/div>\n\t<div class=\"fusion-post-content post-content\"><h2 class=\"blog-shortcode-post-title entry-title\"><a href=\"https:\/\/www.cercle-credo.com\/en\/ecosystem-meetings-in-march-2023\/\">Ecosystem meetings in March 2023<\/a><\/h2><div class=\"fusion-post-content-container\"><p>We will have many opportunities to meet in March 2023. Indeed, several major events will take place in our ecosystem: From February 27 to March 02 \u2013 [Barcelona] MWC March 14, 2023 \u2013 [ Webinar ] \"Which fiber to choose and how to certify it\" organized by BICSI with the [...]<\/p><\/div><\/div><div class=\"fusion-clearfix\"><\/div><div class=\"fusion-meta-info\"><div class=\"fusion-alignleft\"><span class=\"vcard\" style=\"display: none;\"><span class=\"fn\"><a href=\"https:\/\/www.cercle-credo.com\/en\/author\/philippinedemars\/\" title=\"Posts by Philippine DEMARS\" rel=\"author\">Philippine DEMARS<\/a><\/span><\/span><span class=\"updated\" style=\"display:none;\">2023-02-09T16:45:20+01:00<\/span><span>09 February 2023<\/span><span class=\"fusion-inline-sep\">|<\/span><a href=\"https:\/\/www.cercle-credo.com\/en\/category\/news\/\" rel=\"category tag\">News<\/a><span class=\"fusion-inline-sep\">|<\/span><\/div><div class=\"fusion-alignright\"><a class=\"fusion-read-more\" href=\"https:\/\/www.cercle-credo.com\/en\/ecosystem-meetings-in-march-2023\/\" aria-label=\"More on Ecosystem meetings in March 2023\">Read More<\/a><\/div><\/div><\/article>\n<\/div><div class=\"pagination clearfix\"><span class=\"current\">1<\/span><a href=\"https:\/\/www.cercle-credo.com\/en\/wp-json\/wp\/v2\/pages\/4429\/page\/2\/\" class=\"inactive\">2<\/a><a class=\"pagination-next\" rel=\"next\" href=\"https:\/\/www.cercle-credo.com\/en\/wp-json\/wp\/v2\/pages\/4429\/page\/2\/\"><span class=\"page-text\">Next<\/span><span class=\"page-next\"><\/span><\/a><\/div><div class=\"fusion-clearfix\"><\/div><\/div><\/div><\/div><div class=\"fusion-layout-column fusion_builder_column fusion-builder-column-2 fusion_builder_column_1_4 1_4 fusion-flex-column\" style=\"--awb-padding-top:20px;--awb-padding-bottom:20px;--awb-padding-left:40px;--awb-bg-size:cover;--awb-border-color:#7da7da;--awb-border-left:1px;--awb-border-style:solid;--awb-width-large:25%;--awb-margin-top-large:0px;--awb-spacing-right-large:7.68%;--awb-margin-bottom-large:20px;--awb-spacing-left-large:7.68%;--awb-width-medium:100%;--awb-order-medium:0;--awb-spacing-right-medium:1.92%;--awb-spacing-left-medium:1.92%;--awb-width-small:100%;--awb-order-small:0;--awb-spacing-right-small:1.92%;--awb-spacing-left-small:1.92%;\"><div class=\"fusion-column-wrapper fusion-column-has-shadow fusion-flex-justify-content-flex-start fusion-content-layout-column\"><div class=\"fusion-widget-area awb-widget-area-element fusion-widget-area-1 fusion-content-widget-area\" style=\"--awb-title-size:19px;--awb-title-color:#1177c0;--awb-padding:0px 0px 0px 0px;\"><section id=\"search-2\" class=\"widget widget_search\" style=\"border-style: solid;border-color:transparent;border-width:0px;\"><div class=\"heading\"><h4 class=\"widget-title\">Rechercher<\/h4><\/div>\t\t<form role=\"search\" class=\"searchform fusion-search-form  fusion-search-form-classic\" method=\"get\" action=\"https:\/\/www.cercle-credo.com\/en\/\">\n\t\t\t<div class=\"fusion-search-form-content\">\n\n\t\t\t\t\n\t\t\t\t<div class=\"fusion-search-field search-field\">\n\t\t\t\t\t<label><span class=\"screen-reader-text\">Search for:<\/span>\n\t\t\t\t\t\t\t\t\t\t\t\t\t<input type=\"search\" value=\"\" name=\"s\" class=\"s\" placeholder=\"Search...\" required aria-required=\"true\" aria-label=\"Search...\"\/>\n\t\t\t\t\t\t\t\t\t\t\t<\/label>\n\t\t\t\t<\/div>\n\t\t\t\t<div class=\"fusion-search-button search-button\">\n\t\t\t\t\t<input type=\"submit\" class=\"fusion-search-submit searchsubmit\" aria-label=\"Search\" value=\"&#xf002;\" \/>\n\t\t\t\t\t\t\t\t\t<\/div>\n\n\t\t\t\t\n\t\t\t<\/div>\n\n\n\t\t\t\n\t\t<\/form>\n\t\t<\/section><style type=\"text\/css\" data-id=\"social_links-widget-2\">@media (max-width: 800px){#social_links-widget-2{text-align:center !important;}}<\/style><section id=\"social_links-widget-2\" class=\"fusion-widget-mobile-align-center fusion-widget-align-center widget social_links\" style=\"border-style: solid;text-align: center;border-color:transparent;border-width:0px;\">\n\t\t<div class=\"fusion-social-networks boxed-icons\">\n\n\t\t\t<div class=\"fusion-social-networks-wrapper\">\n\t\t\t\t\t\t\t\t\t\t\t\t\t\t\t\t\t\t\t\t\t\t\t\t\t\t\t\t\n\t\t\t\t\t\t\n\t\t\t\t\t\t\t\t\t\t\t\t\t\t\t\t\t\t\t\t\t\t\t\t\t\t\t\t\t\t\t\t\t\t\t<a class=\"fusion-social-network-icon fusion-tooltip fusion-linkedin awb-icon-linkedin\" href=\"https:\/\/www.linkedin.com\/company\/52114487\"  data-placement=\"top\" data-title=\"LinkedIn\" data-toggle=\"tooltip\" data-original-title=\"\"  title=\"LinkedIn\" aria-label=\"LinkedIn\" rel=\"noopener noreferrer\" target=\"_self\" style=\"border-radius:4px;padding:8px;font-size:16px;color:#ffffff;background-color:#0077b5;border-color:#0077b5;\"><\/a>\n\t\t\t\t\t\t\t\t\t\t\t\n\t\t\t\t\t\t\t\t\t\t\n\t\t\t\t\t\t\t\t\t\t\t\t\t\t\t\t\t\t\t\t\n\t\t\t\t\t\t\n\t\t\t\t\t\t\t\t\t\t\t\t\t\t\t\t\t\t\t\t\t\t\t\t\t\t\t\t\t\t\t\t\t\t\t<a class=\"fusion-social-network-icon fusion-tooltip fusion-twitter awb-icon-twitter\" href=\"https:\/\/twitter.com\/CercleCredo\"  data-placement=\"top\" data-title=\"Twitter\" data-toggle=\"tooltip\" data-original-title=\"\"  title=\"Twitter\" aria-label=\"Twitter\" rel=\"noopener noreferrer\" target=\"_self\" style=\"border-radius:4px;padding:8px;font-size:16px;color:#ffffff;background-color:#55acee;border-color:#55acee;\"><\/a>\n\t\t\t\t\t\t\t\t\t\t\t\n\t\t\t\t\t\t\t\t\t\t\n\t\t\t\t\t\t\t\t\t\t\t\t\t\t\t\t\t\t\t\t\t\t\t\t\t\t\t\t\t\t\t\t\t\t\t\t\t\t\t\t\t\t\t\t\t\t\t\t\n\t\t\t\t\t\t\n\t\t\t\t\t\t\t\t\t\t\t\t\t\t\t\t\t\t\t\t\t\t\t\t\t\t\t\t\t\t\t\t\t\t\t<a class=\"fusion-social-network-icon fusion-tooltip fusion-mail awb-icon-mail\" href=\"mailto:co&#109;muni&#099;&#097;ti&#111;&#110;&#064;&#099;&#101;r&#099;&#108;e-c&#114;e&#100;o.co&#109;\"  data-placement=\"top\" data-title=\"Mail\" data-toggle=\"tooltip\" data-original-title=\"\"  title=\"Mail\" aria-label=\"Mail\" rel=\"noopener noreferrer\" target=\"_self\" style=\"border-radius:4px;padding:8px;font-size:16px;color:#ffffff;background-color:#000000;border-color:#000000;\"><\/a>\n\t\t\t\t\t\t\t\t\t\t\t\n\t\t\t\t\t\t\t\t\t\t\n\t\t\t\t\t\t\t\t\t\t\t\t\t\t\t\t\t\t\t\t\n\t\t\t\t\t\t\n\t\t\t\t\t\t\t\t\t\t\t\t\t\t\t\t\t\t\t\t\t\t\t\t\t\t\t\t\t\t\t\t\t\t\t<a class=\"fusion-social-network-icon fusion-tooltip fusion-youtube awb-icon-youtube\" href=\"https:\/\/www.youtube.com\/@credo5528\"  data-placement=\"top\" data-title=\"Youtube\" data-toggle=\"tooltip\" data-original-title=\"\"  title=\"YouTube\" aria-label=\"YouTube\" rel=\"noopener noreferrer\" target=\"_self\" style=\"border-radius:4px;padding:8px;font-size:16px;color:#ffffff;background-color:#cd201f;border-color:#cd201f;\"><\/a>\n\t\t\t\t\t\t\t\t\t\t\t\n\t\t\t\t\t\t\t\t\t\t\n\t\t\t\t\t\t\t\t\t\t\t\t\t\t\t\t\t\t\t\t\n\t\t\t\t\t\t\n\t\t\t\t\t\t\t\t\t\t\t\t\t\t\t\t\t\t\t\t\t\t\t\t\t\t\t\t\t\t\t\t\t\t\t<a class=\"fusion-social-network-icon fusion-tooltip fusion-instagram awb-icon-instagram\" href=\"https:\/\/www.instagram.com\/cerclecredo\"  data-placement=\"top\" data-title=\"Instagram\" data-toggle=\"tooltip\" data-original-title=\"\"  title=\"Instagram\" aria-label=\"Instagram\" rel=\"noopener noreferrer\" target=\"_self\" style=\"border-radius:4px;padding:8px;font-size:16px;color:#ffffff;background-color:#3f729b;border-color:#3f729b;\"><\/a>\n\t\t\t\t\t\t\t\t\t\t\t\n\t\t\t\t\t\t\t\t\t\t\n\t\t\t\t\n\t\t\t<\/div>\n\t\t<\/div>\n\n\t\t<\/section><section id=\"custom_html-8\" class=\"widget_text widget widget_custom_html\" style=\"border-style: solid;border-color:transparent;border-width:0px;\"><div class=\"heading\"><h4 class=\"widget-title\">Acc\u00e8s rapide aux contenus (r\u00e9serv\u00e9s aux Membres)<\/h4><\/div><div class=\"textwidget custom-html-widget\"><div style=\"text-align:center;\"><a class=\"fusion-button button-flat button-small button-default fusion-button-default button-1 fusion-button-span-yes fusion-button-default-type\" target=\"_self\" href=\"https:\/\/www.cercle-credo.com\/bibliotheque\/\" rel=\"noopener\"><span class=\"fusion-button-text\">Acc\u00e9der \u00e0 la biblioth\u00e8que<\/span><i class=\"fa-angle-double-right fas button-icon-right\" aria-hidden=\"true\"><\/i><\/a><\/div><\/div><\/section><div class=\"fusion-additional-widget-content\"><\/div><\/div><\/div><\/div><\/div><\/div><div class=\"fusion-fullwidth fullwidth-box fusion-builder-row-3 fusion-flex-container nonhundred-percent-fullwidth non-hundred-percent-height-scrolling\" style=\"--awb-background-position:center bottom;--awb-background-repeat:repeat-x;--awb-border-sizes-top:0px;--awb-border-sizes-bottom:0px;--awb-border-sizes-left:0px;--awb-border-sizes-right:0px;--awb-border-radius-top-left:0px;--awb-border-radius-top-right:0px;--awb-border-radius-bottom-right:0px;--awb-border-radius-bottom-left:0px;--awb-padding-top:60px;--awb-padding-bottom:50px;--awb-background-color:#7fa8d8;\" ><div class=\"fusion-builder-row fusion-row fusion-flex-align-items-flex-start\" style=\"max-width:calc( 1170px + 0px );margin-left: calc(-0px \/ 2 );margin-right: calc(-0px \/ 2 );\"><div class=\"fusion-layout-column fusion_builder_column fusion-builder-column-3 fusion_builder_column_2_3 2_3 fusion-flex-column fusion-animated\" style=\"--awb-bg-size:cover;--awb-width-large:66.666666666667%;--awb-margin-top-large:0px;--awb-spacing-right-large:0px;--awb-margin-bottom-large:0px;--awb-spacing-left-large:0px;--awb-width-medium:100%;--awb-spacing-right-medium:0px;--awb-spacing-left-medium:0px;--awb-width-small:100%;--awb-spacing-right-small:0px;--awb-spacing-left-small:0px;\" data-animationType=\"slideInLeft\" data-animationDuration=\"0.5\" data-animationOffset=\"top-into-view\"><div class=\"fusion-column-wrapper fusion-flex-justify-content-flex-start fusion-content-layout-column\"><div class=\"fusion-title title fusion-title-3 fusion-sep-none fusion-title-text fusion-title-size-two\" style=\"--awb-margin-bottom:0px;\"><h2 class=\"title-heading-left md-text-align-center fusion-responsive-typography-calculated\" style=\"margin:0;--fontSize:33;line-height:1.5;\"><span style=\"color: #ffffff;\">Find us on social networks<\/span><\/h2><\/div><div class=\"fusion-text fusion-text-3 md-text-align-center\"><p><span style=\"color: #ffffff; font-size: 18px;\">Stay informed of industry news!<\/span><\/p>\n<\/div><\/div><\/div><div class=\"fusion-layout-column fusion_builder_column fusion-builder-column-4 fusion_builder_column_1_3 1_3 fusion-flex-column fusion-animated\" style=\"--awb-bg-size:cover;--awb-width-large:33.333333333333%;--awb-margin-top-large:10px;--awb-spacing-right-large:0px;--awb-margin-bottom-large:20px;--awb-spacing-left-large:0px;--awb-width-medium:100%;--awb-spacing-right-medium:0px;--awb-spacing-left-medium:0px;--awb-width-small:100%;--awb-spacing-right-small:0px;--awb-spacing-left-small:0px;\" data-animationType=\"slideInRight\" data-animationDuration=\"0.8\" data-animationOffset=\"top-into-view\"><div class=\"fusion-column-wrapper fusion-flex-justify-content-flex-start fusion-content-layout-column\"><div class=\"fusion-social-links fusion-social-links-1\" style=\"--awb-margin-top:0px;--awb-margin-right:0px;--awb-margin-bottom:0px;--awb-margin-left:0px;--awb-alignment:center;--awb-box-border-top:0px;--awb-box-border-right:0px;--awb-box-border-bottom:0px;--awb-box-border-left:0px;--awb-icon-colors-hover:rgba(97,158,133,0.8);--awb-box-colors-hover:rgba(232,232,232,0.8);--awb-box-border-color:var(--awb-color3);--awb-box-border-color-hover:var(--awb-color4);\"><div class=\"fusion-social-networks boxed-icons color-type-custom\"><div class=\"fusion-social-networks-wrapper\"><a class=\"fusion-social-network-icon fusion-tooltip fusion-linkedin awb-icon-linkedin\" style=\"color:#1177c0;font-size:16px;width:16px;background-color:#ffffff;border-color:#ffffff;border-radius:50%;\" data-placement=\"top\" data-title=\"LinkedIn\" data-toggle=\"tooltip\" title=\"LinkedIn\" aria-label=\"linkedin\" target=\"_blank\" rel=\"noopener noreferrer\" href=\"https:\/\/www.linkedin.com\/company\/52114487\"><\/a><a class=\"fusion-social-network-icon fusion-tooltip fusion-twitter awb-icon-twitter\" style=\"color:#1177c0;font-size:16px;width:16px;background-color:#ffffff;border-color:#ffffff;border-radius:50%;\" data-placement=\"top\" data-title=\"Twitter\" data-toggle=\"tooltip\" title=\"Twitter\" aria-label=\"twitter\" target=\"_blank\" rel=\"noopener noreferrer\" href=\"https:\/\/twitter.com\/CercleCredo\"><\/a><a class=\"fusion-social-network-icon fusion-tooltip fusion-mail awb-icon-mail\" style=\"color:#1177c0;font-size:16px;width:16px;background-color:#ffffff;border-color:#ffffff;border-radius:50%;\" data-placement=\"top\" data-title=\"Email\" data-toggle=\"tooltip\" title=\"Email\" aria-label=\"mail\" target=\"_blank\" rel=\"noopener noreferrer\" href=\"mailto:&#099;&#111;&#109;m&#117;n&#105;&#099;&#097;&#116;&#105;&#111;n&#064;ce&#114;&#099;l&#101;&#045;&#099;red&#111;&#046;&#099;&#111;m\"><\/a><\/div><\/div><\/div><\/div><\/div><\/div><\/div><\/p>\n","protected":false},"excerpt":{"rendered":"","protected":false},"author":1,"featured_media":0,"parent":0,"menu_order":0,"comment_status":"closed","ping_status":"closed","template":"100-width.php","meta":[],"_links":{"self":[{"href":"https:\/\/www.cercle-credo.com\/en\/wp-json\/wp\/v2\/pages\/4429"}],"collection":[{"href":"https:\/\/www.cercle-credo.com\/en\/wp-json\/wp\/v2\/pages"}],"about":[{"href":"https:\/\/www.cercle-credo.com\/en\/wp-json\/wp\/v2\/types\/page"}],"author":[{"embeddable":true,"href":"https:\/\/www.cercle-credo.com\/en\/wp-json\/wp\/v2\/users\/1"}],"replies":[{"embeddable":true,"href":"https:\/\/www.cercle-credo.com\/en\/wp-json\/wp\/v2\/comments?post=4429"}],"version-history":[{"count":3,"href":"https:\/\/www.cercle-credo.com\/en\/wp-json\/wp\/v2\/pages\/4429\/revisions"}],"predecessor-version":[{"id":4630,"href":"https:\/\/www.cercle-credo.com\/en\/wp-json\/wp\/v2\/pages\/4429\/revisions\/4630"}],"wp:attachment":[{"href":"https:\/\/www.cercle-credo.com\/en\/wp-json\/wp\/v2\/media?parent=4429"}],"curies":[{"name":"wp","href":"https:\/\/api.w.org\/{rel}","templated":true}]}}